{"id":100,"date":"2024-01-30T02:16:32","date_gmt":"2024-01-29T21:16:32","guid":{"rendered":"http:\/\/147.189.169.123\/sindidmed\/?page_id=100"},"modified":"2025-08-01T22:02:22","modified_gmt":"2025-08-01T17:02:22","slug":"sobre-nosotros","status":"publish","type":"page","link":"https:\/\/sindidmed.org\/?page_id=100","title":{"rendered":"Sobre nosotros"},"content":{"rendered":"\t\t<div data-elementor-type=\"wp-page\" data-elementor-id=\"100\" class=\"elementor elementor-100\">\n\t\t\t\t\t\t<header class=\"elementor-section elementor-top-section elementor-element elementor-element-25e5dd17 elementor-section-stretched elementor-section-height-min-height elementor-section-boxed elementor-section-height-default elementor-section-items-middle\" data-id=\"25e5dd17\" data-element_type=\"section\" data-settings=\"{&quot;stretch_section&quot;:&quot;section-stretched&quot;,&quot;background_background&quot;:&quot;classic&quot;}\">\n\t\t\t\t\t\t\t<div class=\"elementor-background-overlay\"><\/div>\n\t\t\t\t\t\t\t<div class=\"elementor-container elementor-column-gap-default\">\n\t\t\t\t\t<div class=\"elementor-column elementor-col-100 elementor-top-column elementor-element elementor-element-4339b13d\" data-id=\"4339b13d\" data-element_type=\"column\">\n\t\t\t<div class=\"elementor-widget-wrap elementor-element-populated\">\n\t\t\t\t\t\t<div class=\"elementor-element elementor-element-3513b81d envato-kit-62-ttl-green elementor-invisible elementor-widget elementor-widget-heading\" data-id=\"3513b81d\" data-element_type=\"widget\" data-settings=\"{&quot;_animation&quot;:&quot;fadeInDown&quot;,&quot;_animation_delay&quot;:300}\" data-widget_type=\"heading.default\">\n\t\t\t\t<div class=\"elementor-widget-container\">\n\t\t\t\t\t<h6 class=\"elementor-heading-title elementor-size-default\">SINDIDMED<\/h6>\t\t\t\t<\/div>\n\t\t\t\t<\/div>\n\t\t\t\t<div class=\"elementor-element elementor-element-5b7ccc94 elementor-invisible elementor-widget elementor-widget-heading\" data-id=\"5b7ccc94\" data-element_type=\"widget\" data-settings=\"{&quot;_animation&quot;:&quot;fadeInUp&quot;,&quot;_animation_delay&quot;:600}\" data-widget_type=\"heading.default\">\n\t\t\t\t<div class=\"elementor-widget-container\">\n\t\t\t\t\t<h1 class=\"elementor-heading-title elementor-size-default\">Sobre nosotros\n<\/h1>\t\t\t\t<\/div>\n\t\t\t\t<\/div>\n\t\t\t\t\t<\/div>\n\t\t<\/div>\n\t\t\t\t\t<\/div>\n\t\t<\/header>\n\t\t<div class=\"elementor-element elementor-element-5cd7f16 e-flex e-con-boxed e-con e-parent\" data-id=\"5cd7f16\" data-element_type=\"container\">\n\t\t\t\t\t<div class=\"e-con-inner\">\n\t\t\t\t<div class=\"elementor-element elementor-element-7447ac8 elementor-widget elementor-widget-spacer\" data-id=\"7447ac8\" data-element_type=\"widget\" data-widget_type=\"spacer.default\">\n\t\t\t\t<div class=\"elementor-widget-container\">\n\t\t\t\t\t\t\t<div class=\"elementor-spacer\">\n\t\t\t<div class=\"elementor-spacer-inner\"><\/div>\n\t\t<\/div>\n\t\t\t\t\t\t<\/div>\n\t\t\t\t<\/div>\n\t\t\t\t\t<\/div>\n\t\t\t\t<\/div>\n\t\t\t\t<section class=\"elementor-section elementor-top-section elementor-element elementor-element-30c917e elementor-section-full_width elementor-section-stretched elementor-section-height-default elementor-section-height-default\" data-id=\"30c917e\" data-element_type=\"section\" data-settings=\"{&quot;background_background&quot;:&quot;classic&quot;,&quot;stretch_section&quot;:&quot;section-stretched&quot;}\">\n\t\t\t\t\t\t<div class=\"elementor-container elementor-column-gap-default\">\n\t\t\t\t\t<div class=\"elementor-column elementor-col-100 elementor-top-column elementor-element elementor-element-77c9e1c\" data-id=\"77c9e1c\" data-element_type=\"column\">\n\t\t\t<div class=\"elementor-widget-wrap elementor-element-populated\">\n\t\t\t\t\t\t<div class=\"elementor-element elementor-element-7725506 elementor-invisible elementor-widget elementor-widget-heading\" data-id=\"7725506\" data-element_type=\"widget\" data-settings=\"{&quot;_animation&quot;:&quot;fadeInDown&quot;,&quot;_animation_delay&quot;:700}\" data-widget_type=\"heading.default\">\n\t\t\t\t<div class=\"elementor-widget-container\">\n\t\t\t\t\t<h2 class=\"elementor-heading-title elementor-size-small\">El Sindicato de Docentes del Distrito de Medell\u00edn, SINDIDMED, se establece una organizaci\u00f3n sindical de primer grado y de gremio, que funcionar\u00e1 de conformidad con sus propios estatutos, dentro del marco del C\u00f3digo Sustantivo del Trabajo, la Constituci\u00f3n Pol\u00edtica y los Convenios Internacionales aprobados por Colombia.<\/h2>\t\t\t\t<\/div>\n\t\t\t\t<\/div>\n\t\t\t\t\t<\/div>\n\t\t<\/div>\n\t\t\t\t\t<\/div>\n\t\t<\/section>\n\t\t\t\t<section class=\"elementor-section elementor-top-section elementor-element elementor-element-969bdb8 elementor-section-full_width elementor-section-stretched elementor-section-height-default elementor-section-height-default\" data-id=\"969bdb8\" data-element_type=\"section\" data-settings=\"{&quot;background_background&quot;:&quot;classic&quot;,&quot;stretch_section&quot;:&quot;section-stretched&quot;}\">\n\t\t\t\t\t\t<div class=\"elementor-container elementor-column-gap-default\">\n\t\t\t\t\t<div class=\"elementor-column elementor-col-100 elementor-top-column elementor-element elementor-element-427e9cf6 elementor-invisible\" data-id=\"427e9cf6\" data-element_type=\"column\" data-settings=\"{&quot;animation&quot;:&quot;fadeInUp&quot;}\">\n\t\t\t<div class=\"elementor-widget-wrap elementor-element-populated\">\n\t\t\t\t\t\t<div class=\"elementor-element elementor-element-2ceeaa45 elementor-widget elementor-widget-image\" data-id=\"2ceeaa45\" data-element_type=\"widget\" data-widget_type=\"image.default\">\n\t\t\t\t<div class=\"elementor-widget-container\">\n\t\t\t\t\t\t\t\t\t\t\t\t\t\t\t<img fetchpriority=\"high\" decoding=\"async\" width=\"1599\" height=\"899\" src=\"https:\/\/sindidmed.org\/wp-content\/uploads\/2024\/02\/Foto-de-Judith-Ester-Pino-Valenci6.jpg\" class=\"attachment-full size-full wp-image-413\" alt=\"\" srcset=\"https:\/\/sindidmed.org\/wp-content\/uploads\/2024\/02\/Foto-de-Judith-Ester-Pino-Valenci6.jpg 1599w, https:\/\/sindidmed.org\/wp-content\/uploads\/2024\/02\/Foto-de-Judith-Ester-Pino-Valenci6-300x169.jpg 300w, https:\/\/sindidmed.org\/wp-content\/uploads\/2024\/02\/Foto-de-Judith-Ester-Pino-Valenci6-1024x576.jpg 1024w, https:\/\/sindidmed.org\/wp-content\/uploads\/2024\/02\/Foto-de-Judith-Ester-Pino-Valenci6-768x432.jpg 768w, https:\/\/sindidmed.org\/wp-content\/uploads\/2024\/02\/Foto-de-Judith-Ester-Pino-Valenci6-1536x864.jpg 1536w, https:\/\/sindidmed.org\/wp-content\/uploads\/2024\/02\/Foto-de-Judith-Ester-Pino-Valenci6-800x450.jpg 800w\" sizes=\"(max-width: 1599px) 100vw, 1599px\" \/>\t\t\t\t\t\t\t\t\t\t\t\t\t\t\t<\/div>\n\t\t\t\t<\/div>\n\t\t\t\t\t<\/div>\n\t\t<\/div>\n\t\t\t\t\t<\/div>\n\t\t<\/section>\n\t\t\t\t<section class=\"elementor-section elementor-top-section elementor-element elementor-element-70ad6714 elementor-section-stretched elementor-section-boxed elementor-section-height-default elementor-section-height-default\" data-id=\"70ad6714\" data-element_type=\"section\" data-settings=\"{&quot;stretch_section&quot;:&quot;section-stretched&quot;,&quot;background_background&quot;:&quot;classic&quot;}\">\n\t\t\t\t\t\t<div class=\"elementor-container elementor-column-gap-default\">\n\t\t\t\t\t<div class=\"elementor-column elementor-col-100 elementor-top-column elementor-element elementor-element-6ace5f27\" data-id=\"6ace5f27\" data-element_type=\"column\">\n\t\t\t<div class=\"elementor-widget-wrap elementor-element-populated\">\n\t\t\t\t\t\t<section class=\"elementor-section elementor-inner-section elementor-element elementor-element-3e8ed24 elementor-section-boxed elementor-section-height-default elementor-section-height-default\" data-id=\"3e8ed24\" data-element_type=\"section\">\n\t\t\t\t\t\t<div class=\"elementor-container elementor-column-gap-default\">\n\t\t\t\t\t<div class=\"elementor-column elementor-col-33 elementor-inner-column elementor-element elementor-element-23c5e4ba elementor-invisible\" data-id=\"23c5e4ba\" data-element_type=\"column\" data-settings=\"{&quot;animation&quot;:&quot;fadeInLeft&quot;}\">\n\t\t\t<div class=\"elementor-widget-wrap elementor-element-populated\">\n\t\t\t\t\t\t<div class=\"elementor-element elementor-element-768e8b95 elementor-widget elementor-widget-heading\" data-id=\"768e8b95\" data-element_type=\"widget\" data-widget_type=\"heading.default\">\n\t\t\t\t<div class=\"elementor-widget-container\">\n\t\t\t\t\t<h2 class=\"elementor-heading-title elementor-size-default\">Nuestra misi\u00f3n<\/h2>\t\t\t\t<\/div>\n\t\t\t\t<\/div>\n\t\t\t\t<div class=\"elementor-element elementor-element-7c794baa elementor-widget elementor-widget-text-editor\" data-id=\"7c794baa\" data-element_type=\"widget\" data-widget_type=\"text-editor.default\">\n\t\t\t\t<div class=\"elementor-widget-container\">\n\t\t\t\t\t\t\t\t\t<p><span class=\"OYPEnA text-decoration-none text-strikethrough-none\">El sindicato directivo docentes de Medell\u00edn tiene como pilar fundamental la participaci\u00f3n, el acompa\u00f1amiento y la unidad de los directivos activos y jubilados con el objetivo de garantizar el ejercicio de las buenas pr\u00e1cticas laborales, la defensa de la educaci\u00f3n p\u00fablica oficial, el bienestar docente en condiciones dignas como establece los principios y valores constitucionales.<\/span><\/p>\t\t\t\t\t\t\t\t<\/div>\n\t\t\t\t<\/div>\n\t\t\t\t\t<\/div>\n\t\t<\/div>\n\t\t\t\t<div class=\"elementor-column elementor-col-33 elementor-inner-column elementor-element elementor-element-25a57d0a elementor-invisible\" data-id=\"25a57d0a\" data-element_type=\"column\" data-settings=\"{&quot;animation&quot;:&quot;fadeInRight&quot;}\">\n\t\t\t<div class=\"elementor-widget-wrap elementor-element-populated\">\n\t\t\t\t\t\t<div class=\"elementor-element elementor-element-491c1a66 elementor-widget elementor-widget-heading\" data-id=\"491c1a66\" data-element_type=\"widget\" data-widget_type=\"heading.default\">\n\t\t\t\t<div class=\"elementor-widget-container\">\n\t\t\t\t\t<h2 class=\"elementor-heading-title elementor-size-default\">Nuestros valores<\/h2>\t\t\t\t<\/div>\n\t\t\t\t<\/div>\n\t\t\t\t<div class=\"elementor-element elementor-element-742271f2 elementor-widget elementor-widget-text-editor\" data-id=\"742271f2\" data-element_type=\"widget\" data-widget_type=\"text-editor.default\">\n\t\t\t\t<div class=\"elementor-widget-container\">\n\t\t\t\t\t\t\t\t\t<ul><li><span class=\"OYPEnA text-decoration-none text-strikethrough-none\">Compromiso<\/span><\/li><li><span class=\"OYPEnA text-decoration-none text-strikethrough-none\">Honestidad<\/span><\/li><li><span class=\"OYPEnA text-decoration-none text-strikethrough-none\">Eficiencia<\/span><\/li><li><span class=\"OYPEnA text-decoration-none text-strikethrough-none\">Integridad<\/span><\/li><li><span class=\"OYPEnA text-decoration-none text-strikethrough-none\">Solidaridad<\/span><\/li><\/ul>\t\t\t\t\t\t\t\t<\/div>\n\t\t\t\t<\/div>\n\t\t\t\t\t<\/div>\n\t\t<\/div>\n\t\t\t\t<div class=\"elementor-column elementor-col-33 elementor-inner-column elementor-element elementor-element-63c8c22 elementor-invisible\" data-id=\"63c8c22\" data-element_type=\"column\" data-settings=\"{&quot;animation&quot;:&quot;fadeInRight&quot;}\">\n\t\t\t<div class=\"elementor-widget-wrap elementor-element-populated\">\n\t\t\t\t\t\t<div class=\"elementor-element elementor-element-e0a6c7e elementor-widget elementor-widget-heading\" data-id=\"e0a6c7e\" data-element_type=\"widget\" data-widget_type=\"heading.default\">\n\t\t\t\t<div class=\"elementor-widget-container\">\n\t\t\t\t\t<h2 class=\"elementor-heading-title elementor-size-default\">Nuestros logros<\/h2>\t\t\t\t<\/div>\n\t\t\t\t<\/div>\n\t\t\t\t<div class=\"elementor-element elementor-element-e24f74e elementor-widget elementor-widget-text-editor\" data-id=\"e24f74e\" data-element_type=\"widget\" data-widget_type=\"text-editor.default\">\n\t\t\t\t<div class=\"elementor-widget-container\">\n\t\t\t\t\t\t\t\t\t<p><span class=\"OYPEnA text-decoration-none text-strikethrough-none\">Hemos participado en la construcci\u00f3n de pol\u00edticas p\u00fablicas y hemos promovido la creaci\u00f3n de una comunidad de pr\u00e1ctica y aprendizaje.<\/span><\/p>\t\t\t\t\t\t\t\t<\/div>\n\t\t\t\t<\/div>\n\t\t\t\t\t<\/div>\n\t\t<\/div>\n\t\t\t\t\t<\/div>\n\t\t<\/section>\n\t\t\t\t\t<\/div>\n\t\t<\/div>\n\t\t\t\t\t<\/div>\n\t\t<\/section>\n\t\t\t\t<section class=\"elementor-section elementor-top-section elementor-element elementor-element-2c3b415 elementor-section-stretched elementor-section-boxed elementor-section-height-default elementor-section-height-default\" data-id=\"2c3b415\" data-element_type=\"section\" data-settings=\"{&quot;background_background&quot;:&quot;classic&quot;,&quot;stretch_section&quot;:&quot;section-stretched&quot;}\">\n\t\t\t\t\t\t\t<div class=\"elementor-background-overlay\"><\/div>\n\t\t\t\t\t\t\t<div class=\"elementor-container elementor-column-gap-default\">\n\t\t\t\t\t<div class=\"elementor-column elementor-col-100 elementor-top-column elementor-element elementor-element-4f00801\" data-id=\"4f00801\" data-element_type=\"column\">\n\t\t\t<div class=\"elementor-widget-wrap elementor-element-populated\">\n\t\t\t\t\t\t<div class=\"elementor-element elementor-element-6000840 elementor-invisible elementor-widget elementor-widget-heading\" data-id=\"6000840\" data-element_type=\"widget\" data-settings=\"{&quot;_animation&quot;:&quot;fadeInLeft&quot;,&quot;_animation_delay&quot;:200}\" data-widget_type=\"heading.default\">\n\t\t\t\t<div class=\"elementor-widget-container\">\n\t\t\t\t\t<h2 class=\"elementor-heading-title elementor-size-default\">Los prop\u00f3sitos u objetivos principales del SINDICATO  DE DIRECTIVOS DOCENTES DEL DISTRITO DE MEDELL\u00cdN, SINDIDMED,  son:<\/h2>\t\t\t\t<\/div>\n\t\t\t\t<\/div>\n\t\t\t\t<div class=\"elementor-element elementor-element-15a5be7 elementor-widget elementor-widget-image\" data-id=\"15a5be7\" data-element_type=\"widget\" data-widget_type=\"image.default\">\n\t\t\t\t<div class=\"elementor-widget-container\">\n\t\t\t\t\t\t\t\t\t\t\t\t\t\t\t<img decoding=\"async\" data-src=\"http:\/\/147.189.169.123\/sindidmed\/wp-content\/uploads\/2024\/01\/015-quote.png\" title=\"\" alt=\"\" src=\"data:image\/gif;base64,R0lGODlhAQABAAAAACH5BAEKAAEALAAAAAABAAEAAAICTAEAOw==\" class=\"lazyload\" \/>\t\t\t\t\t\t\t\t\t\t\t\t\t\t\t<\/div>\n\t\t\t\t<\/div>\n\t\t\t\t\t<\/div>\n\t\t<\/div>\n\t\t\t\t\t<\/div>\n\t\t<\/section>\n\t\t\t\t<section class=\"elementor-section elementor-top-section elementor-element elementor-element-3c2d0cc6 elementor-section-stretched elementor-section-full_width elementor-section-height-default elementor-section-height-default\" data-id=\"3c2d0cc6\" data-element_type=\"section\" data-settings=\"{&quot;background_background&quot;:&quot;gradient&quot;,&quot;stretch_section&quot;:&quot;section-stretched&quot;}\">\n\t\t\t\t\t\t<div class=\"elementor-container elementor-column-gap-default\">\n\t\t\t\t\t<div class=\"elementor-column elementor-col-100 elementor-top-column elementor-element elementor-element-739c174c\" data-id=\"739c174c\" data-element_type=\"column\">\n\t\t\t<div class=\"elementor-widget-wrap elementor-element-populated\">\n\t\t\t\t\t\t<section class=\"elementor-section elementor-inner-section elementor-element elementor-element-6a820e77 elementor-section-full_width elementor-section-height-default elementor-section-height-default elementor-invisible\" data-id=\"6a820e77\" data-element_type=\"section\" data-settings=\"{&quot;animation&quot;:&quot;fadeInUp&quot;,&quot;animation_delay&quot;:200}\">\n\t\t\t\t\t\t<div class=\"elementor-container elementor-column-gap-default\">\n\t\t\t\t\t<div class=\"elementor-column elementor-col-50 elementor-inner-column elementor-element elementor-element-68eac49\" data-id=\"68eac49\" data-element_type=\"column\">\n\t\t\t<div class=\"elementor-widget-wrap elementor-element-populated\">\n\t\t\t\t\t\t<div class=\"elementor-element elementor-element-490d8e92 elementor-vertical-align-top elementor-widget elementor-widget-image-box\" data-id=\"490d8e92\" data-element_type=\"widget\" data-widget_type=\"image-box.default\">\n\t\t\t\t<div class=\"elementor-widget-container\">\n\t\t\t\t\t<div class=\"elementor-image-box-wrapper\"><div class=\"elementor-image-box-content\"><span class=\"elementor-image-box-title\">1.<\/span><p class=\"elementor-image-box-description\">Propugnar por la Defensa de la Educaci\u00f3n P\u00fablica en Colombia, para que\u00a0 se garantice el acceso a ella en forma gratuita y libre a todos los colombianos, sin discriminaciones, restricciones o limitaciones, en los\u00a0 diferentes niveles acad\u00e9micos y educativos.\u00a0<\/p><\/div><\/div>\t\t\t\t<\/div>\n\t\t\t\t<\/div>\n\t\t\t\t\t<\/div>\n\t\t<\/div>\n\t\t\t\t<div class=\"elementor-column elementor-col-50 elementor-inner-column elementor-element elementor-element-7ee708c6\" data-id=\"7ee708c6\" data-element_type=\"column\">\n\t\t\t<div class=\"elementor-widget-wrap elementor-element-populated\">\n\t\t\t\t\t\t<div class=\"elementor-element elementor-element-2d22e473 elementor-vertical-align-top elementor-widget elementor-widget-image-box\" data-id=\"2d22e473\" data-element_type=\"widget\" data-widget_type=\"image-box.default\">\n\t\t\t\t<div class=\"elementor-widget-container\">\n\t\t\t\t\t<div class=\"elementor-image-box-wrapper\"><div class=\"elementor-image-box-content\"><span class=\"elementor-image-box-title\">2.<\/span><p class=\"elementor-image-box-description\">Buscar la unidad de los Directivos de la Entidad Territorial Municipio de\u00a0 Medell\u00edn, y en general del departamento de Antioquia y del pa\u00eds, para\u00a0 fortalecer la lucha gremial que incumbe a los empleados p\u00fablicos de la\u00a0 Educaci\u00f3n.\u00a0\u00a0<\/p><\/div><\/div>\t\t\t\t<\/div>\n\t\t\t\t<\/div>\n\t\t\t\t\t<\/div>\n\t\t<\/div>\n\t\t\t\t\t<\/div>\n\t\t<\/section>\n\t\t\t\t<section class=\"elementor-section elementor-inner-section elementor-element elementor-element-4f6d2ea9 elementor-section-full_width elementor-section-height-default elementor-section-height-default elementor-invisible\" data-id=\"4f6d2ea9\" data-element_type=\"section\" data-settings=\"{&quot;animation&quot;:&quot;fadeInUp&quot;,&quot;animation_delay&quot;:400}\">\n\t\t\t\t\t\t<div class=\"elementor-container elementor-column-gap-default\">\n\t\t\t\t\t<div class=\"elementor-column elementor-col-50 elementor-inner-column elementor-element elementor-element-6180efb0\" data-id=\"6180efb0\" data-element_type=\"column\">\n\t\t\t<div class=\"elementor-widget-wrap elementor-element-populated\">\n\t\t\t\t\t\t<div class=\"elementor-element elementor-element-1e2c438b elementor-vertical-align-top elementor-widget elementor-widget-image-box\" data-id=\"1e2c438b\" data-element_type=\"widget\" data-widget_type=\"image-box.default\">\n\t\t\t\t<div class=\"elementor-widget-container\">\n\t\t\t\t\t<div class=\"elementor-image-box-wrapper\"><div class=\"elementor-image-box-content\"><span class=\"elementor-image-box-title\">3. <\/span><p class=\"elementor-image-box-description\">Defender la Carrera Docente y las leyes que beneficien la educaci\u00f3n  p\u00fablica en Colombia, propugnando por obtener mejores condiciones de  acceso a ella, as\u00ed como la dignificaci\u00f3n y profesionalizaci\u00f3n de la tarea de  los Directivos Docentes. Para tal efecto presentar\u00e1 ante las corporaciones  p\u00fablicas proyectos de ley, ordenanzas u acuerdos que hagan efectivo  este prop\u00f3sito \n<\/p><\/div><\/div>\t\t\t\t<\/div>\n\t\t\t\t<\/div>\n\t\t\t\t\t<\/div>\n\t\t<\/div>\n\t\t\t\t<div class=\"elementor-column elementor-col-50 elementor-inner-column elementor-element elementor-element-4ddaace2\" data-id=\"4ddaace2\" data-element_type=\"column\">\n\t\t\t<div class=\"elementor-widget-wrap elementor-element-populated\">\n\t\t\t\t\t\t<div class=\"elementor-element elementor-element-b2acdc elementor-vertical-align-top elementor-widget elementor-widget-image-box\" data-id=\"b2acdc\" data-element_type=\"widget\" data-widget_type=\"image-box.default\">\n\t\t\t\t<div class=\"elementor-widget-container\">\n\t\t\t\t\t<div class=\"elementor-image-box-wrapper\"><div class=\"elementor-image-box-content\"><span class=\"elementor-image-box-title\">4. <\/span><p class=\"elementor-image-box-description\">Propiciar e incentivar la integraci\u00f3n del gremio de los Directivos Docentes  con los dem\u00e1s empleados de la Educaci\u00f3n P\u00fablica en Colombia, as\u00ed como  con las dem\u00e1s agremiaciones, asociaciones y sindicatos del pa\u00eds. \n<\/p><\/div><\/div>\t\t\t\t<\/div>\n\t\t\t\t<\/div>\n\t\t\t\t\t<\/div>\n\t\t<\/div>\n\t\t\t\t\t<\/div>\n\t\t<\/section>\n\t\t\t\t<section class=\"elementor-section elementor-inner-section elementor-element elementor-element-e349ebe elementor-section-full_width elementor-section-height-default elementor-section-height-default elementor-invisible\" data-id=\"e349ebe\" data-element_type=\"section\" data-settings=\"{&quot;animation&quot;:&quot;fadeInUp&quot;,&quot;animation_delay&quot;:400}\">\n\t\t\t\t\t\t<div class=\"elementor-container elementor-column-gap-default\">\n\t\t\t\t\t<div class=\"elementor-column elementor-col-50 elementor-inner-column elementor-element elementor-element-9fcd241\" data-id=\"9fcd241\" data-element_type=\"column\">\n\t\t\t<div class=\"elementor-widget-wrap elementor-element-populated\">\n\t\t\t\t\t\t<div class=\"elementor-element elementor-element-716fa67 elementor-vertical-align-top elementor-widget elementor-widget-image-box\" data-id=\"716fa67\" data-element_type=\"widget\" data-widget_type=\"image-box.default\">\n\t\t\t\t<div class=\"elementor-widget-container\">\n\t\t\t\t\t<div class=\"elementor-image-box-wrapper\"><div class=\"elementor-image-box-content\"><span class=\"elementor-image-box-title\">5. <\/span><p class=\"elementor-image-box-description\">Fomentar las buenas relaciones entre Empleadores y Trabajadores de la  Educaci\u00f3n P\u00fablica en Colombia, sobre bases de justicia, mutuo respeto y  colaboraci\u00f3n. As\u00ed mismo para la conquista, defensa y mejoramiento de los  intereses econ\u00f3micos, prestacionales, sociales, profesionales y  acad\u00e9micos de los Directivos Docentes. \n<\/p><\/div><\/div>\t\t\t\t<\/div>\n\t\t\t\t<\/div>\n\t\t\t\t\t<\/div>\n\t\t<\/div>\n\t\t\t\t<div class=\"elementor-column elementor-col-50 elementor-inner-column elementor-element elementor-element-c3d2945\" data-id=\"c3d2945\" data-element_type=\"column\">\n\t\t\t<div class=\"elementor-widget-wrap elementor-element-populated\">\n\t\t\t\t\t\t<div class=\"elementor-element elementor-element-1435f14 elementor-vertical-align-top elementor-widget elementor-widget-image-box\" data-id=\"1435f14\" data-element_type=\"widget\" data-widget_type=\"image-box.default\">\n\t\t\t\t<div class=\"elementor-widget-container\">\n\t\t\t\t\t<div class=\"elementor-image-box-wrapper\"><div class=\"elementor-image-box-content\"><span class=\"elementor-image-box-title\">6.<\/span><p class=\"elementor-image-box-description\">Incentivar la formaci\u00f3n y capacitaci\u00f3n jur\u00eddica sindical de sus componentes  e impulsar y desarrollar programas que eleven el nivel intelectual, cultural,  deportivo y recreativo de los afiliados, \n<\/p><\/div><\/div>\t\t\t\t<\/div>\n\t\t\t\t<\/div>\n\t\t\t\t\t<\/div>\n\t\t<\/div>\n\t\t\t\t\t<\/div>\n\t\t<\/section>\n\t\t\t\t<section class=\"elementor-section elementor-inner-section elementor-element elementor-element-e66116d elementor-section-full_width elementor-section-height-default elementor-section-height-default elementor-invisible\" data-id=\"e66116d\" data-element_type=\"section\" data-settings=\"{&quot;animation&quot;:&quot;fadeInUp&quot;,&quot;animation_delay&quot;:400}\">\n\t\t\t\t\t\t<div class=\"elementor-container elementor-column-gap-default\">\n\t\t\t\t\t<div class=\"elementor-column elementor-col-50 elementor-inner-column elementor-element elementor-element-5422143\" data-id=\"5422143\" data-element_type=\"column\">\n\t\t\t<div class=\"elementor-widget-wrap elementor-element-populated\">\n\t\t\t\t\t\t<div class=\"elementor-element elementor-element-ffa82a9 elementor-vertical-align-top elementor-widget elementor-widget-image-box\" data-id=\"ffa82a9\" data-element_type=\"widget\" data-widget_type=\"image-box.default\">\n\t\t\t\t<div class=\"elementor-widget-container\">\n\t\t\t\t\t<div class=\"elementor-image-box-wrapper\"><div class=\"elementor-image-box-content\"><span class=\"elementor-image-box-title\">7.<\/span><p class=\"elementor-image-box-description\">Representar y asesorar a sus afiliados en la defensa de sus derechos como  Directivos Docentes. \n<\/p><\/div><\/div>\t\t\t\t<\/div>\n\t\t\t\t<\/div>\n\t\t\t\t\t<\/div>\n\t\t<\/div>\n\t\t\t\t<div class=\"elementor-column elementor-col-50 elementor-inner-column elementor-element elementor-element-d70ab0f\" data-id=\"d70ab0f\" data-element_type=\"column\">\n\t\t\t<div class=\"elementor-widget-wrap elementor-element-populated\">\n\t\t\t\t\t\t<div class=\"elementor-element elementor-element-9a59336 elementor-vertical-align-top elementor-widget elementor-widget-image-box\" data-id=\"9a59336\" data-element_type=\"widget\" data-widget_type=\"image-box.default\">\n\t\t\t\t<div class=\"elementor-widget-container\">\n\t\t\t\t\t<div class=\"elementor-image-box-wrapper\"><div class=\"elementor-image-box-content\"><span class=\"elementor-image-box-title\">8. <\/span><p class=\"elementor-image-box-description\">Fomentar la creaci\u00f3n de cooperativas y entidades sin \u00e1nimo de lucro que  beneficien a los Directivos Docentes del Departamento. \n<\/p><\/div><\/div>\t\t\t\t<\/div>\n\t\t\t\t<\/div>\n\t\t\t\t\t<\/div>\n\t\t<\/div>\n\t\t\t\t\t<\/div>\n\t\t<\/section>\n\t\t\t\t<section class=\"elementor-section elementor-inner-section elementor-element elementor-element-7ec6ca0 elementor-section-full_width elementor-section-height-default elementor-section-height-default elementor-invisible\" data-id=\"7ec6ca0\" data-element_type=\"section\" data-settings=\"{&quot;animation&quot;:&quot;fadeInUp&quot;,&quot;animation_delay&quot;:400}\">\n\t\t\t\t\t\t<div class=\"elementor-container elementor-column-gap-default\">\n\t\t\t\t\t<div class=\"elementor-column elementor-col-50 elementor-inner-column elementor-element elementor-element-076c6d3\" data-id=\"076c6d3\" data-element_type=\"column\">\n\t\t\t<div class=\"elementor-widget-wrap elementor-element-populated\">\n\t\t\t\t\t\t<div class=\"elementor-element elementor-element-9ecb01c elementor-vertical-align-top elementor-widget elementor-widget-image-box\" data-id=\"9ecb01c\" data-element_type=\"widget\" data-widget_type=\"image-box.default\">\n\t\t\t\t<div class=\"elementor-widget-container\">\n\t\t\t\t\t<div class=\"elementor-image-box-wrapper\"><div class=\"elementor-image-box-content\"><span class=\"elementor-image-box-title\">9. <\/span><p class=\"elementor-image-box-description\">Adquirir bienes y recursos muebles e inmuebles que sean necesarios para  el mejor logro del objeto social del sindicato, y para el fiel ejercicio de sus  actividades. \n<\/p><\/div><\/div>\t\t\t\t<\/div>\n\t\t\t\t<\/div>\n\t\t\t\t\t<\/div>\n\t\t<\/div>\n\t\t\t\t<div class=\"elementor-column elementor-col-50 elementor-inner-column elementor-element elementor-element-2915916\" data-id=\"2915916\" data-element_type=\"column\">\n\t\t\t<div class=\"elementor-widget-wrap elementor-element-populated\">\n\t\t\t\t\t\t<div class=\"elementor-element elementor-element-f3f9008 elementor-vertical-align-top elementor-widget elementor-widget-image-box\" data-id=\"f3f9008\" data-element_type=\"widget\" data-widget_type=\"image-box.default\">\n\t\t\t\t<div class=\"elementor-widget-container\">\n\t\t\t\t\t<div class=\"elementor-image-box-wrapper\"><div class=\"elementor-image-box-content\"><span class=\"elementor-image-box-title\">10. <\/span><p class=\"elementor-image-box-description\">Ejercer veedur\u00eda en las acciones y procesos administrativos que sean  de competencia del sector educativo o de inter\u00e9s comunitario. <\/p><\/div><\/div>\t\t\t\t<\/div>\n\t\t\t\t<\/div>\n\t\t\t\t\t<\/div>\n\t\t<\/div>\n\t\t\t\t\t<\/div>\n\t\t<\/section>\n\t\t\t\t\t<\/div>\n\t\t<\/div>\n\t\t\t\t\t<\/div>\n\t\t<\/section>\n\t\t\t\t<\/div>\n\t\t","protected":false},"excerpt":{"rendered":"<p>SINDIDMED Sobre nosotros El Sindicato de Docentes del Distrito de Medell\u00edn, SINDIDMED, se establece una organizaci\u00f3n sindical de primer grado y de gremio, que funcionar\u00e1 de conformidad con sus propios [&hellip;]<\/p>\n","protected":false},"author":1,"featured_media":0,"parent":0,"menu_order":0,"comment_status":"closed","ping_status":"closed","template":"","meta":{"site-sidebar-layout":"default","site-content-layout":"","ast-site-content-layout":"default","site-content-style":"default","site-sidebar-style":"default","ast-global-header-display":"","ast-banner-title-visibility":"","ast-main-header-display":"","ast-hfb-above-header-display":"","ast-hfb-below-header-display":"","ast-hfb-mobile-header-display":"","site-post-title":"","ast-breadcrumbs-content":"","ast-featured-img":"","footer-sml-layout":"","theme-transparent-header-meta":"","adv-header-id-meta":"","stick-header-meta":"","header-above-stick-meta":"","header-main-stick-meta":"","header-below-stick-meta":"","astra-migrate-meta-layouts":"default","ast-page-background-enabled":"default","ast-page-background-meta":{"desktop":{"background-color":"var(--ast-global-color-4)","background-image":"","background-repeat":"repeat","background-position":"center center","background-size":"auto","background-attachment":"scroll","background-type":"","background-media":"","overlay-type":"","overlay-color":"","overlay-opacity":"","overlay-gradient":""},"tablet":{"background-color":"","background-image":"","background-repeat":"repeat","background-position":"center center","background-size":"auto","background-attachment":"scroll","background-type":"","background-media":"","overlay-type":"","overlay-color":"","overlay-opacity":"","overlay-gradient":""},"mobile":{"background-color":"","background-image":"","background-repeat":"repeat","background-position":"center center","background-size":"auto","background-attachment":"scroll","background-type":"","background-media":"","overlay-type":"","overlay-color":"","overlay-opacity":"","overlay-gradient":""}},"ast-content-background-meta":{"desktop":{"background-color":"var(--ast-global-color-5)","background-image":"","background-repeat":"repeat","background-position":"center center","background-size":"auto","background-attachment":"scroll","background-type":"","background-media":"","overlay-type":"","overlay-color":"","overlay-opacity":"","overlay-gradient":""},"tablet":{"background-color":"var(--ast-global-color-5)","background-image":"","background-repeat":"repeat","background-position":"center center","background-size":"auto","background-attachment":"scroll","background-type":"","background-media":"","overlay-type":"","overlay-color":"","overlay-opacity":"","overlay-gradient":""},"mobile":{"background-color":"var(--ast-global-color-5)","background-image":"","background-repeat":"repeat","background-position":"center center","background-size":"auto","background-attachment":"scroll","background-type":"","background-media":"","overlay-type":"","overlay-color":"","overlay-opacity":"","overlay-gradient":""}},"_joinchat":[],"footnotes":""},"class_list":["post-100","page","type-page","status-publish","hentry"],"yoast_head":"<!-- This site is optimized with the Yoast SEO plugin v27.0 - https:\/\/yoast.com\/product\/yoast-seo-wordpress\/ -->\n<title>Sobre nosotros -<\/title>\n<meta name=\"robots\" content=\"index, follow, max-snippet:-1, max-image-preview:large, max-video-preview:-1\" \/>\n<link rel=\"canonical\" href=\"https:\/\/sindidmed.org\/?page_id=100\" \/>\n<meta property=\"og:locale\" content=\"es_ES\" \/>\n<meta property=\"og:type\" content=\"article\" \/>\n<meta property=\"og:title\" content=\"Sobre nosotros -\" \/>\n<meta property=\"og:description\" content=\"SINDIDMED Sobre nosotros El Sindicato de Docentes del Distrito de Medell\u00edn, SINDIDMED, se establece una organizaci\u00f3n sindical de primer grado y de gremio, que funcionar\u00e1 de conformidad con sus propios [&hellip;]\" \/>\n<meta property=\"og:url\" content=\"https:\/\/sindidmed.org\/?page_id=100\" \/>\n<meta property=\"article:modified_time\" content=\"2025-08-01T17:02:22+00:00\" \/>\n<meta property=\"og:image\" content=\"https:\/\/sindidmed.org\/wp-content\/uploads\/2024\/02\/Foto-de-Judith-Ester-Pino-Valenci6.jpg\" \/>\n\t<meta property=\"og:image:width\" content=\"1599\" \/>\n\t<meta property=\"og:image:height\" content=\"899\" \/>\n\t<meta property=\"og:image:type\" content=\"image\/jpeg\" \/>\n<meta name=\"twitter:card\" content=\"summary_large_image\" \/>\n<meta name=\"twitter:label1\" content=\"Tiempo de lectura\" \/>\n\t<meta name=\"twitter:data1\" content=\"3 minutos\" \/>\n<script type=\"application\/ld+json\" class=\"yoast-schema-graph\">{\"@context\":\"https:\/\/schema.org\",\"@graph\":[{\"@type\":\"WebPage\",\"@id\":\"https:\/\/sindidmed.org\/?page_id=100\",\"url\":\"https:\/\/sindidmed.org\/?page_id=100\",\"name\":\"Sobre nosotros -\",\"isPartOf\":{\"@id\":\"https:\/\/sindidmed.org\/#website\"},\"primaryImageOfPage\":{\"@id\":\"https:\/\/sindidmed.org\/?page_id=100#primaryimage\"},\"image\":{\"@id\":\"https:\/\/sindidmed.org\/?page_id=100#primaryimage\"},\"thumbnailUrl\":\"https:\/\/sindidmed.org\/wp-content\/uploads\/2024\/02\/Foto-de-Judith-Ester-Pino-Valenci6.jpg\",\"datePublished\":\"2024-01-29T21:16:32+00:00\",\"dateModified\":\"2025-08-01T17:02:22+00:00\",\"breadcrumb\":{\"@id\":\"https:\/\/sindidmed.org\/?page_id=100#breadcrumb\"},\"inLanguage\":\"es-CO\",\"potentialAction\":[{\"@type\":\"ReadAction\",\"target\":[\"https:\/\/sindidmed.org\/?page_id=100\"]}]},{\"@type\":\"ImageObject\",\"inLanguage\":\"es-CO\",\"@id\":\"https:\/\/sindidmed.org\/?page_id=100#primaryimage\",\"url\":\"https:\/\/sindidmed.org\/wp-content\/uploads\/2024\/02\/Foto-de-Judith-Ester-Pino-Valenci6.jpg\",\"contentUrl\":\"https:\/\/sindidmed.org\/wp-content\/uploads\/2024\/02\/Foto-de-Judith-Ester-Pino-Valenci6.jpg\",\"width\":1599,\"height\":899},{\"@type\":\"BreadcrumbList\",\"@id\":\"https:\/\/sindidmed.org\/?page_id=100#breadcrumb\",\"itemListElement\":[{\"@type\":\"ListItem\",\"position\":1,\"name\":\"Inicio\",\"item\":\"https:\/\/sindidmed.org\/\"},{\"@type\":\"ListItem\",\"position\":2,\"name\":\"Sobre nosotros\"}]},{\"@type\":\"WebSite\",\"@id\":\"https:\/\/sindidmed.org\/#website\",\"url\":\"https:\/\/sindidmed.org\/\",\"name\":\"\",\"description\":\"Sindicato de Directivos Docentes de Medell\u00edn\",\"potentialAction\":[{\"@type\":\"SearchAction\",\"target\":{\"@type\":\"EntryPoint\",\"urlTemplate\":\"https:\/\/sindidmed.org\/?s={search_term_string}\"},\"query-input\":{\"@type\":\"PropertyValueSpecification\",\"valueRequired\":true,\"valueName\":\"search_term_string\"}}],\"inLanguage\":\"es-CO\"}]}<\/script>\n<!-- \/ Yoast SEO plugin. -->","yoast_head_json":{"title":"Sobre nosotros -","robots":{"index":"index","follow":"follow","max-snippet":"max-snippet:-1","max-image-preview":"max-image-preview:large","max-video-preview":"max-video-preview:-1"},"canonical":"https:\/\/sindidmed.org\/?page_id=100","og_locale":"es_ES","og_type":"article","og_title":"Sobre nosotros -","og_description":"SINDIDMED Sobre nosotros El Sindicato de Docentes del Distrito de Medell\u00edn, SINDIDMED, se establece una organizaci\u00f3n sindical de primer grado y de gremio, que funcionar\u00e1 de conformidad con sus propios [&hellip;]","og_url":"https:\/\/sindidmed.org\/?page_id=100","article_modified_time":"2025-08-01T17:02:22+00:00","og_image":[{"width":1599,"height":899,"url":"https:\/\/sindidmed.org\/wp-content\/uploads\/2024\/02\/Foto-de-Judith-Ester-Pino-Valenci6.jpg","type":"image\/jpeg"}],"twitter_card":"summary_large_image","twitter_misc":{"Tiempo de lectura":"3 minutos"},"schema":{"@context":"https:\/\/schema.org","@graph":[{"@type":"WebPage","@id":"https:\/\/sindidmed.org\/?page_id=100","url":"https:\/\/sindidmed.org\/?page_id=100","name":"Sobre nosotros -","isPartOf":{"@id":"https:\/\/sindidmed.org\/#website"},"primaryImageOfPage":{"@id":"https:\/\/sindidmed.org\/?page_id=100#primaryimage"},"image":{"@id":"https:\/\/sindidmed.org\/?page_id=100#primaryimage"},"thumbnailUrl":"https:\/\/sindidmed.org\/wp-content\/uploads\/2024\/02\/Foto-de-Judith-Ester-Pino-Valenci6.jpg","datePublished":"2024-01-29T21:16:32+00:00","dateModified":"2025-08-01T17:02:22+00:00","breadcrumb":{"@id":"https:\/\/sindidmed.org\/?page_id=100#breadcrumb"},"inLanguage":"es-CO","potentialAction":[{"@type":"ReadAction","target":["https:\/\/sindidmed.org\/?page_id=100"]}]},{"@type":"ImageObject","inLanguage":"es-CO","@id":"https:\/\/sindidmed.org\/?page_id=100#primaryimage","url":"https:\/\/sindidmed.org\/wp-content\/uploads\/2024\/02\/Foto-de-Judith-Ester-Pino-Valenci6.jpg","contentUrl":"https:\/\/sindidmed.org\/wp-content\/uploads\/2024\/02\/Foto-de-Judith-Ester-Pino-Valenci6.jpg","width":1599,"height":899},{"@type":"BreadcrumbList","@id":"https:\/\/sindidmed.org\/?page_id=100#breadcrumb","itemListElement":[{"@type":"ListItem","position":1,"name":"Inicio","item":"https:\/\/sindidmed.org\/"},{"@type":"ListItem","position":2,"name":"Sobre nosotros"}]},{"@type":"WebSite","@id":"https:\/\/sindidmed.org\/#website","url":"https:\/\/sindidmed.org\/","name":"","description":"Sindicato de Directivos Docentes de Medell\u00edn","potentialAction":[{"@type":"SearchAction","target":{"@type":"EntryPoint","urlTemplate":"https:\/\/sindidmed.org\/?s={search_term_string}"},"query-input":{"@type":"PropertyValueSpecification","valueRequired":true,"valueName":"search_term_string"}}],"inLanguage":"es-CO"}]}},"jetpack_sharing_enabled":true,"_links":{"self":[{"href":"https:\/\/sindidmed.org\/index.php?rest_route=\/wp\/v2\/pages\/100","targetHints":{"allow":["GET"]}}],"collection":[{"href":"https:\/\/sindidmed.org\/index.php?rest_route=\/wp\/v2\/pages"}],"about":[{"href":"https:\/\/sindidmed.org\/index.php?rest_route=\/wp\/v2\/types\/page"}],"author":[{"embeddable":true,"href":"https:\/\/sindidmed.org\/index.php?rest_route=\/wp\/v2\/users\/1"}],"replies":[{"embeddable":true,"href":"https:\/\/sindidmed.org\/index.php?rest_route=%2Fwp%2Fv2%2Fcomments&post=100"}],"version-history":[{"count":19,"href":"https:\/\/sindidmed.org\/index.php?rest_route=\/wp\/v2\/pages\/100\/revisions"}],"predecessor-version":[{"id":132759,"href":"https:\/\/sindidmed.org\/index.php?rest_route=\/wp\/v2\/pages\/100\/revisions\/132759"}],"wp:attachment":[{"href":"https:\/\/sindidmed.org\/index.php?rest_route=%2Fwp%2Fv2%2Fmedia&parent=100"}],"curies":[{"name":"wp","href":"https:\/\/api.w.org\/{rel}","templated":true}]}}