{"id":104,"date":"2024-01-30T02:16:32","date_gmt":"2024-01-29T21:16:32","guid":{"rendered":"http:\/\/147.189.169.123\/sindidmed\/?page_id=104"},"modified":"2024-02-03T04:32:16","modified_gmt":"2024-02-02T23:32:16","slug":"nucleos-educativos","status":"publish","type":"page","link":"https:\/\/sindidmed.org\/?page_id=104","title":{"rendered":"N\u00facleos educativos"},"content":{"rendered":"\t\t<div data-elementor-type=\"wp-page\" data-elementor-id=\"104\" class=\"elementor elementor-104\">\n\t\t\t\t\t\t<header class=\"elementor-section elementor-top-section elementor-element elementor-element-72560894 elementor-section-stretched elementor-section-boxed elementor-section-height-default elementor-section-height-default\" data-id=\"72560894\" data-element_type=\"section\" data-settings=\"{&quot;stretch_section&quot;:&quot;section-stretched&quot;,&quot;background_background&quot;:&quot;gradient&quot;}\">\n\t\t\t\t\t\t<div class=\"elementor-container elementor-column-gap-default\">\n\t\t\t\t\t<div class=\"elementor-column elementor-col-100 elementor-top-column elementor-element elementor-element-2ca3940b\" data-id=\"2ca3940b\" data-element_type=\"column\">\n\t\t\t<div class=\"elementor-widget-wrap elementor-element-populated\">\n\t\t\t\t\t\t<div class=\"elementor-element elementor-element-687e7eef envato-kit-62-ttl-white elementor-invisible elementor-widget elementor-widget-heading\" data-id=\"687e7eef\" data-element_type=\"widget\" data-settings=\"{&quot;_animation&quot;:&quot;fadeInDown&quot;,&quot;_animation_delay&quot;:700}\" data-widget_type=\"heading.default\">\n\t\t\t\t<div class=\"elementor-widget-container\">\n\t\t\t\t\t<h6 class=\"elementor-heading-title elementor-size-default\">SINDIMED<\/h6>\t\t\t\t<\/div>\n\t\t\t\t<\/div>\n\t\t\t\t<div class=\"elementor-element elementor-element-6de8c5cd elementor-invisible elementor-widget elementor-widget-heading\" data-id=\"6de8c5cd\" data-element_type=\"widget\" data-settings=\"{&quot;_animation&quot;:&quot;fadeInUp&quot;,&quot;_animation_delay&quot;:200}\" data-widget_type=\"heading.default\">\n\t\t\t\t<div class=\"elementor-widget-container\">\n\t\t\t\t\t<h1 class=\"elementor-heading-title elementor-size-default\">N\u00facleos educativos\n<\/h1>\t\t\t\t<\/div>\n\t\t\t\t<\/div>\n\t\t\t\t\t<\/div>\n\t\t<\/div>\n\t\t\t\t\t<\/div>\n\t\t<\/header>\n\t\t\t\t<section class=\"elementor-section elementor-top-section elementor-element elementor-element-48eb1486 elementor-section-stretched elementor-section-boxed elementor-section-height-default elementor-section-height-default\" data-id=\"48eb1486\" data-element_type=\"section\" data-settings=\"{&quot;background_background&quot;:&quot;classic&quot;,&quot;stretch_section&quot;:&quot;section-stretched&quot;}\">\n\t\t\t\t\t\t<div class=\"elementor-container elementor-column-gap-default\">\n\t\t\t\t\t<div class=\"elementor-column elementor-col-100 elementor-top-column elementor-element elementor-element-4ecce77 elementor-invisible\" data-id=\"4ecce77\" data-element_type=\"column\" data-settings=\"{&quot;background_background&quot;:&quot;classic&quot;,&quot;animation&quot;:&quot;fadeInUp&quot;,&quot;animation_delay&quot;:400}\">\n\t\t\t<div class=\"elementor-widget-wrap elementor-element-populated\">\n\t\t\t\t\t<div class=\"elementor-background-overlay\"><\/div>\n\t\t\t\t\t\t<div class=\"elementor-element elementor-element-63475631 elementor-widget elementor-widget-image\" data-id=\"63475631\" data-element_type=\"widget\" data-widget_type=\"image.default\">\n\t\t\t\t<div class=\"elementor-widget-container\">\n\t\t\t\t\t\t\t\t\t\t\t\t\t\t\t<img decoding=\"async\" width=\"90\" height=\"68\" data-src=\"https:\/\/sindidmed.org\/wp-content\/uploads\/2024\/02\/015-quote.png\" class=\"attachment-large size-large wp-image-534 lazyload\" alt=\"\" src=\"data:image\/gif;base64,R0lGODlhAQABAAAAACH5BAEKAAEALAAAAAABAAEAAAICTAEAOw==\" style=\"--smush-placeholder-width: 90px; --smush-placeholder-aspect-ratio: 90\/68;\" \/>\t\t\t\t\t\t\t\t\t\t\t\t\t\t\t<\/div>\n\t\t\t\t<\/div>\n\t\t\t\t<div class=\"elementor-element elementor-element-6d1b89e1 elementor-invisible elementor-widget elementor-widget-text-editor\" data-id=\"6d1b89e1\" data-element_type=\"widget\" data-settings=\"{&quot;_animation&quot;:&quot;zoomIn&quot;,&quot;_animation_delay&quot;:600}\" data-widget_type=\"text-editor.default\">\n\t\t\t\t<div class=\"elementor-widget-container\">\n\t\t\t\t\t\t\t\t\t<p>DIRECTORIO DE N\u00daCLEOS EDUCATIVOS SECRETAR\u00cdA DE EDUCACI\u00d3N DE MEDELL\u00cdN<\/p>\t\t\t\t\t\t\t\t<\/div>\n\t\t\t\t<\/div>\n\t\t\t\t\t<\/div>\n\t\t<\/div>\n\t\t\t\t\t<\/div>\n\t\t<\/section>\n\t\t\t\t<section class=\"elementor-section elementor-top-section elementor-element elementor-element-b72fdf6 elementor-section-stretched elementor-section-boxed elementor-section-height-default elementor-section-height-default\" data-id=\"b72fdf6\" data-element_type=\"section\" data-settings=\"{&quot;background_background&quot;:&quot;classic&quot;,&quot;stretch_section&quot;:&quot;section-stretched&quot;}\">\n\t\t\t\t\t\t<div class=\"elementor-container elementor-column-gap-default\">\n\t\t\t\t\t<div class=\"elementor-column elementor-col-100 elementor-top-column elementor-element elementor-element-2f84cce\" data-id=\"2f84cce\" data-element_type=\"column\" data-settings=\"{&quot;background_background&quot;:&quot;classic&quot;}\">\n\t\t\t<div class=\"elementor-widget-wrap elementor-element-populated\">\n\t\t\t\t\t\t<div class=\"elementor-element elementor-element-f645b2d elementor-invisible elementor-widget elementor-widget-heading\" data-id=\"f645b2d\" data-element_type=\"widget\" data-settings=\"{&quot;_animation&quot;:&quot;fadeInDown&quot;}\" data-widget_type=\"heading.default\">\n\t\t\t\t<div class=\"elementor-widget-container\">\n\t\t\t\t\t<h2 class=\"elementor-heading-title elementor-size-default\">N\u00daCLEO 914 <\/h2>\t\t\t\t<\/div>\n\t\t\t\t<\/div>\n\t\t\t\t<div class=\"elementor-element elementor-element-a2142ef elementor-invisible elementor-widget elementor-widget-heading\" data-id=\"a2142ef\" data-element_type=\"widget\" data-settings=\"{&quot;_animation&quot;:&quot;fadeIn&quot;,&quot;_animation_delay&quot;:200}\" data-widget_type=\"heading.default\">\n\t\t\t\t<div class=\"elementor-widget-container\">\n\t\t\t\t\t<span class=\"elementor-heading-title elementor-size-default\">COMUNA 1 Granizal <\/span>\t\t\t\t<\/div>\n\t\t\t\t<\/div>\n\t\t\t\t<div class=\"elementor-element elementor-element-63d6e86 elementor-invisible elementor-widget elementor-widget-text-editor\" data-id=\"63d6e86\" data-element_type=\"widget\" data-settings=\"{&quot;_animation&quot;:&quot;fadeIn&quot;,&quot;_animation_delay&quot;:400}\" data-widget_type=\"text-editor.default\">\n\t\t\t\t<div class=\"elementor-widget-container\">\n\t\t\t\t\t\t\t\t\t<p><strong>NOMBRE COMPLETO:\u00a0 <\/strong>EYDER CORT\u00c9S LOPERA<\/p><p><strong>SEDE DEL N\u00daCLEO: <\/strong>IE Mar\u00eda de los \u00c1ngeles Cano<\/p><p><strong>CORREO N\u00daCLEO: <\/strong>negranizal@medellin.gov.co<\/p><p><strong>CORREO ALTERNO:\u00a0<\/strong>nucleoedu914@gmail.com<\/p><p><strong>DIRECCI\u00d3N: <\/strong>Carrera 36B #102C 54<\/p>\t\t\t\t\t\t\t\t<\/div>\n\t\t\t\t<\/div>\n\t\t\t\t\t<\/div>\n\t\t<\/div>\n\t\t\t\t\t<\/div>\n\t\t<\/section>\n\t\t\t\t<section class=\"elementor-section elementor-top-section elementor-element elementor-element-2ffbe99 elementor-section-stretched elementor-section-boxed elementor-section-height-default elementor-section-height-default\" data-id=\"2ffbe99\" data-element_type=\"section\" data-settings=\"{&quot;background_background&quot;:&quot;classic&quot;,&quot;stretch_section&quot;:&quot;section-stretched&quot;}\">\n\t\t\t\t\t\t<div class=\"elementor-container elementor-column-gap-default\">\n\t\t\t\t\t<div class=\"elementor-column elementor-col-100 elementor-top-column elementor-element elementor-element-53c5143\" data-id=\"53c5143\" data-element_type=\"column\" data-settings=\"{&quot;background_background&quot;:&quot;classic&quot;}\">\n\t\t\t<div class=\"elementor-widget-wrap elementor-element-populated\">\n\t\t\t\t\t\t<div class=\"elementor-element elementor-element-8bad8e5 elementor-invisible elementor-widget elementor-widget-heading\" data-id=\"8bad8e5\" data-element_type=\"widget\" data-settings=\"{&quot;_animation&quot;:&quot;fadeInDown&quot;}\" data-widget_type=\"heading.default\">\n\t\t\t\t<div class=\"elementor-widget-container\">\n\t\t\t\t\t<h2 class=\"elementor-heading-title elementor-size-default\">N\u00daCLEO 915<\/h2>\t\t\t\t<\/div>\n\t\t\t\t<\/div>\n\t\t\t\t<div class=\"elementor-element elementor-element-42e31d3 elementor-invisible elementor-widget elementor-widget-heading\" data-id=\"42e31d3\" data-element_type=\"widget\" data-settings=\"{&quot;_animation&quot;:&quot;fadeIn&quot;,&quot;_animation_delay&quot;:200}\" data-widget_type=\"heading.default\">\n\t\t\t\t<div class=\"elementor-widget-container\">\n\t\t\t\t\t<span class=\"elementor-heading-title elementor-size-default\">COMUNA 2 Santa Cruz<\/span>\t\t\t\t<\/div>\n\t\t\t\t<\/div>\n\t\t\t\t<div class=\"elementor-element elementor-element-41bdbf1 elementor-invisible elementor-widget elementor-widget-text-editor\" data-id=\"41bdbf1\" data-element_type=\"widget\" data-settings=\"{&quot;_animation&quot;:&quot;fadeIn&quot;,&quot;_animation_delay&quot;:400}\" data-widget_type=\"text-editor.default\">\n\t\t\t\t<div class=\"elementor-widget-container\">\n\t\t\t\t\t\t\t\t\t<p>NOMBRE<strong> COMPLETO:\u00a0\u00a0<\/strong>ORLANDO DE JES\u00daS GUZM\u00c1N<\/p><p><strong>SEDE DEL N\u00daCLEO:\u00a0<\/strong>IE Ciro Mend\u00eda Secci\u00f3n Arzobispo Garc\u00eda<\/p><p><strong>CORREO N\u00daCLEO:\u00a0<\/strong>nesantacruz@medellin.gov.c<\/p><p><strong>CORREO ALTERNO:\u00a0<\/strong>nucleo915santacruz@gmail.com<\/p><p><strong>DIRECCI\u00d3N:\u00a0<\/strong>Carrera 49 # 98-48<\/p>\t\t\t\t\t\t\t\t<\/div>\n\t\t\t\t<\/div>\n\t\t\t\t\t<\/div>\n\t\t<\/div>\n\t\t\t\t\t<\/div>\n\t\t<\/section>\n\t\t\t\t<section class=\"elementor-section elementor-top-section elementor-element elementor-element-4661930 elementor-section-stretched elementor-section-boxed elementor-section-height-default elementor-section-height-default\" data-id=\"4661930\" data-element_type=\"section\" data-settings=\"{&quot;background_background&quot;:&quot;classic&quot;,&quot;stretch_section&quot;:&quot;section-stretched&quot;}\">\n\t\t\t\t\t\t<div class=\"elementor-container elementor-column-gap-default\">\n\t\t\t\t\t<div class=\"elementor-column elementor-col-100 elementor-top-column elementor-element elementor-element-029d098\" data-id=\"029d098\" data-element_type=\"column\" data-settings=\"{&quot;background_background&quot;:&quot;classic&quot;}\">\n\t\t\t<div class=\"elementor-widget-wrap elementor-element-populated\">\n\t\t\t\t\t\t<div class=\"elementor-element elementor-element-1141d2a elementor-invisible elementor-widget elementor-widget-heading\" data-id=\"1141d2a\" data-element_type=\"widget\" data-settings=\"{&quot;_animation&quot;:&quot;fadeInDown&quot;}\" data-widget_type=\"heading.default\">\n\t\t\t\t<div class=\"elementor-widget-container\">\n\t\t\t\t\t<h2 class=\"elementor-heading-title elementor-size-default\">N\u00daCLEO 916<\/h2>\t\t\t\t<\/div>\n\t\t\t\t<\/div>\n\t\t\t\t<div class=\"elementor-element elementor-element-335e584 elementor-invisible elementor-widget elementor-widget-heading\" data-id=\"335e584\" data-element_type=\"widget\" data-settings=\"{&quot;_animation&quot;:&quot;fadeIn&quot;,&quot;_animation_delay&quot;:200}\" data-widget_type=\"heading.default\">\n\t\t\t\t<div class=\"elementor-widget-container\">\n\t\t\t\t\t<span class=\"elementor-heading-title elementor-size-default\">COMUNA 3 Manrique<\/span>\t\t\t\t<\/div>\n\t\t\t\t<\/div>\n\t\t\t\t<div class=\"elementor-element elementor-element-16cb8a6 elementor-invisible elementor-widget elementor-widget-text-editor\" data-id=\"16cb8a6\" data-element_type=\"widget\" data-settings=\"{&quot;_animation&quot;:&quot;fadeIn&quot;,&quot;_animation_delay&quot;:400}\" data-widget_type=\"text-editor.default\">\n\t\t\t\t<div class=\"elementor-widget-container\">\n\t\t\t\t\t\t\t\t\t<p><strong>NOMBRE COMPLETO:\u00a0<\/strong>ASTRID ALBANY LOPERA<\/p><p><strong>SEDE DEL N\u00daCLEO:\u00a0<\/strong>Esc. Jos\u00e9 Manuel Mora V.<\/p><p><strong>CORREO N\u00daCLEO:\u00a0<\/strong>nemanrique@medellin.gov.co<\/p><p><strong>CORREO ALTERNO <\/strong><\/p><p><strong>DIRECCI\u00d3N:\u00a0<\/strong>Carrera 42A # 75-9<\/p><p>\u00a0 \u00a0<\/p>\t\t\t\t\t\t\t\t<\/div>\n\t\t\t\t<\/div>\n\t\t\t\t\t<\/div>\n\t\t<\/div>\n\t\t\t\t\t<\/div>\n\t\t<\/section>\n\t\t\t\t<section class=\"elementor-section elementor-top-section elementor-element elementor-element-518b8e75 elementor-section-stretched elementor-section-boxed elementor-section-height-default elementor-section-height-default\" data-id=\"518b8e75\" data-element_type=\"section\" data-settings=\"{&quot;background_background&quot;:&quot;classic&quot;,&quot;stretch_section&quot;:&quot;section-stretched&quot;}\">\n\t\t\t\t\t\t<div class=\"elementor-container elementor-column-gap-default\">\n\t\t\t\t\t<div class=\"elementor-column elementor-col-100 elementor-top-column elementor-element elementor-element-40e3ff5c\" data-id=\"40e3ff5c\" data-element_type=\"column\" data-settings=\"{&quot;background_background&quot;:&quot;classic&quot;}\">\n\t\t\t<div class=\"elementor-widget-wrap elementor-element-populated\">\n\t\t\t\t\t\t<div class=\"elementor-element elementor-element-39f6b03d elementor-invisible elementor-widget elementor-widget-heading\" data-id=\"39f6b03d\" data-element_type=\"widget\" data-settings=\"{&quot;_animation&quot;:&quot;fadeInDown&quot;}\" data-widget_type=\"heading.default\">\n\t\t\t\t<div class=\"elementor-widget-container\">\n\t\t\t\t\t<h2 class=\"elementor-heading-title elementor-size-default\">N\u00daCLEO 917<\/h2>\t\t\t\t<\/div>\n\t\t\t\t<\/div>\n\t\t\t\t<div class=\"elementor-element elementor-element-6a5f36b3 elementor-invisible elementor-widget elementor-widget-heading\" data-id=\"6a5f36b3\" data-element_type=\"widget\" data-settings=\"{&quot;_animation&quot;:&quot;fadeIn&quot;,&quot;_animation_delay&quot;:200}\" data-widget_type=\"heading.default\">\n\t\t\t\t<div class=\"elementor-widget-container\">\n\t\t\t\t\t<span class=\"elementor-heading-title elementor-size-default\">COMUNA 4a Campo Vald\u00e9s <\/span>\t\t\t\t<\/div>\n\t\t\t\t<\/div>\n\t\t\t\t<div class=\"elementor-element elementor-element-218dc2a2 elementor-invisible elementor-widget elementor-widget-text-editor\" data-id=\"218dc2a2\" data-element_type=\"widget\" data-settings=\"{&quot;_animation&quot;:&quot;fadeIn&quot;,&quot;_animation_delay&quot;:400}\" data-widget_type=\"text-editor.default\">\n\t\t\t\t<div class=\"elementor-widget-container\">\n\t\t\t\t\t\t\t\t\t<p><strong>NOMBRE COMPLETO:\u00a0<\/strong>CLAUDIA MAR\u00cdA LOPERA<\/p><p><strong>SEDE DEL N\u00daCLEO:\u00a0<\/strong>IE Jos\u00e9 Mar\u00eda Bravo M\u00e1rquez<\/p><p><strong>CORREO N\u00daCLEO:\u00a0<\/strong>necampovaldez@medellin.gov.co<\/p><p><strong>CORREO ALTERNO:\u00a0<\/strong>nucleoecv917@gmail.com<\/p><p><strong>DIRECCI\u00d3N:\u00a0<\/strong>Calle 70 # 47A-04<\/p><p>\u00a0 \u00a0\u00a0<\/p>\t\t\t\t\t\t\t\t<\/div>\n\t\t\t\t<\/div>\n\t\t\t\t\t<\/div>\n\t\t<\/div>\n\t\t\t\t\t<\/div>\n\t\t<\/section>\n\t\t\t\t<section class=\"elementor-section elementor-top-section elementor-element elementor-element-678ed17 elementor-section-stretched elementor-section-boxed elementor-section-height-default elementor-section-height-default\" data-id=\"678ed17\" data-element_type=\"section\" data-settings=\"{&quot;background_background&quot;:&quot;classic&quot;,&quot;stretch_section&quot;:&quot;section-stretched&quot;}\">\n\t\t\t\t\t\t<div class=\"elementor-container elementor-column-gap-default\">\n\t\t\t\t\t<div class=\"elementor-column elementor-col-100 elementor-top-column elementor-element elementor-element-f4c650b\" data-id=\"f4c650b\" data-element_type=\"column\" data-settings=\"{&quot;background_background&quot;:&quot;classic&quot;}\">\n\t\t\t<div class=\"elementor-widget-wrap elementor-element-populated\">\n\t\t\t\t\t\t<div class=\"elementor-element elementor-element-8daffe3 elementor-invisible elementor-widget elementor-widget-heading\" data-id=\"8daffe3\" data-element_type=\"widget\" data-settings=\"{&quot;_animation&quot;:&quot;fadeInDown&quot;}\" data-widget_type=\"heading.default\">\n\t\t\t\t<div class=\"elementor-widget-container\">\n\t\t\t\t\t<h2 class=\"elementor-heading-title elementor-size-default\">N\u00daCLEO 918<\/h2>\t\t\t\t<\/div>\n\t\t\t\t<\/div>\n\t\t\t\t<div class=\"elementor-element elementor-element-6694cc3 elementor-invisible elementor-widget elementor-widget-heading\" data-id=\"6694cc3\" data-element_type=\"widget\" data-settings=\"{&quot;_animation&quot;:&quot;fadeIn&quot;,&quot;_animation_delay&quot;:200}\" data-widget_type=\"heading.default\">\n\t\t\t\t<div class=\"elementor-widget-container\">\n\t\t\t\t\t<span class=\"elementor-heading-title elementor-size-default\">COMUNA 4b Aranjuez <\/span>\t\t\t\t<\/div>\n\t\t\t\t<\/div>\n\t\t\t\t<div class=\"elementor-element elementor-element-0f7257c elementor-invisible elementor-widget elementor-widget-text-editor\" data-id=\"0f7257c\" data-element_type=\"widget\" data-settings=\"{&quot;_animation&quot;:&quot;fadeIn&quot;,&quot;_animation_delay&quot;:400}\" data-widget_type=\"text-editor.default\">\n\t\t\t\t<div class=\"elementor-widget-container\">\n\t\t\t\t\t\t\t\t\t<p><strong>NOMBRE COMPLETO:\u00a0<\/strong>JAROL WILSON RIVERA G\u00d3MEZ<\/p><p><strong>SEDE DEL N\u00daCLEO:\u00a0<\/strong>IE Lorenza Villegas de Santos<\/p><p><strong>CORREO N\u00daCLEO:\u00a0<\/strong>nearanjuez@medellin.gov.co<\/p><p><strong>CORREO ALTERNO <\/strong><\/p><p><strong>DIRECCI\u00d3N:\u00a0<\/strong>Carrera 51 # 87-040<\/p><p>\u00a0 \u00a0<\/p>\t\t\t\t\t\t\t\t<\/div>\n\t\t\t\t<\/div>\n\t\t\t\t\t<\/div>\n\t\t<\/div>\n\t\t\t\t\t<\/div>\n\t\t<\/section>\n\t\t\t\t<section class=\"elementor-section elementor-top-section elementor-element elementor-element-704c4c3 elementor-section-stretched elementor-section-boxed elementor-section-height-default elementor-section-height-default\" data-id=\"704c4c3\" data-element_type=\"section\" data-settings=\"{&quot;background_background&quot;:&quot;classic&quot;,&quot;stretch_section&quot;:&quot;section-stretched&quot;}\">\n\t\t\t\t\t\t<div class=\"elementor-container elementor-column-gap-default\">\n\t\t\t\t\t<div class=\"elementor-column elementor-col-100 elementor-top-column elementor-element elementor-element-df99e5d\" data-id=\"df99e5d\" data-element_type=\"column\" data-settings=\"{&quot;background_background&quot;:&quot;classic&quot;}\">\n\t\t\t<div class=\"elementor-widget-wrap elementor-element-populated\">\n\t\t\t\t\t\t<div class=\"elementor-element elementor-element-48f049c elementor-invisible elementor-widget elementor-widget-heading\" data-id=\"48f049c\" data-element_type=\"widget\" data-settings=\"{&quot;_animation&quot;:&quot;fadeInDown&quot;}\" data-widget_type=\"heading.default\">\n\t\t\t\t<div class=\"elementor-widget-container\">\n\t\t\t\t\t<h2 class=\"elementor-heading-title elementor-size-default\">N\u00daCLEO 919<\/h2>\t\t\t\t<\/div>\n\t\t\t\t<\/div>\n\t\t\t\t<div class=\"elementor-element elementor-element-0f03273 elementor-invisible elementor-widget elementor-widget-heading\" data-id=\"0f03273\" data-element_type=\"widget\" data-settings=\"{&quot;_animation&quot;:&quot;fadeIn&quot;,&quot;_animation_delay&quot;:200}\" data-widget_type=\"heading.default\">\n\t\t\t\t<div class=\"elementor-widget-container\">\n\t\t\t\t\t<span class=\"elementor-heading-title elementor-size-default\">COMUNA 5a Florencia <\/span>\t\t\t\t<\/div>\n\t\t\t\t<\/div>\n\t\t\t\t<div class=\"elementor-element elementor-element-92ebdfa elementor-invisible elementor-widget elementor-widget-text-editor\" data-id=\"92ebdfa\" data-element_type=\"widget\" data-settings=\"{&quot;_animation&quot;:&quot;fadeIn&quot;,&quot;_animation_delay&quot;:400}\" data-widget_type=\"text-editor.default\">\n\t\t\t\t<div class=\"elementor-widget-container\">\n\t\t\t\t\t\t\t\t\t<p><strong>NOMBRE COMPLETO:\u00a0<\/strong>LE\u00d3N ARTURO URIBE MEJ\u00cdA<\/p><p><strong>SEDE DEL N\u00daCLEO:\u00a0<\/strong>IE Diego Echavarr\u00eda Misas<\/p><p><strong>CORREO N\u00daCLEO:\u00a0<\/strong>neflorencia@medellin.gov.co<\/p><p><strong>CORREO ALTERNO:\u00a0<\/strong>nedmisas@gmail.com<\/p><p><strong>DIRECCI\u00d3N: <\/strong>Calle 111 # 70-68<\/p>\t\t\t\t\t\t\t\t<\/div>\n\t\t\t\t<\/div>\n\t\t\t\t\t<\/div>\n\t\t<\/div>\n\t\t\t\t\t<\/div>\n\t\t<\/section>\n\t\t\t\t<section class=\"elementor-section elementor-top-section elementor-element elementor-element-d7d1d49 elementor-section-stretched elementor-section-boxed elementor-section-height-default elementor-section-height-default\" data-id=\"d7d1d49\" data-element_type=\"section\" data-settings=\"{&quot;background_background&quot;:&quot;classic&quot;,&quot;stretch_section&quot;:&quot;section-stretched&quot;}\">\n\t\t\t\t\t\t<div class=\"elementor-container elementor-column-gap-default\">\n\t\t\t\t\t<div class=\"elementor-column elementor-col-100 elementor-top-column elementor-element elementor-element-ac2b188\" data-id=\"ac2b188\" data-element_type=\"column\" data-settings=\"{&quot;background_background&quot;:&quot;classic&quot;}\">\n\t\t\t<div class=\"elementor-widget-wrap elementor-element-populated\">\n\t\t\t\t\t\t<div class=\"elementor-element elementor-element-74b4a41 elementor-invisible elementor-widget elementor-widget-heading\" data-id=\"74b4a41\" data-element_type=\"widget\" data-settings=\"{&quot;_animation&quot;:&quot;fadeInDown&quot;}\" data-widget_type=\"heading.default\">\n\t\t\t\t<div class=\"elementor-widget-container\">\n\t\t\t\t\t<h2 class=\"elementor-heading-title elementor-size-default\">N\u00daCLEO 920<\/h2>\t\t\t\t<\/div>\n\t\t\t\t<\/div>\n\t\t\t\t<div class=\"elementor-element elementor-element-44395b3 elementor-invisible elementor-widget elementor-widget-heading\" data-id=\"44395b3\" data-element_type=\"widget\" data-settings=\"{&quot;_animation&quot;:&quot;fadeIn&quot;,&quot;_animation_delay&quot;:200}\" data-widget_type=\"heading.default\">\n\t\t\t\t<div class=\"elementor-widget-container\">\n\t\t\t\t\t<span class=\"elementor-heading-title elementor-size-default\">COMUNA 5b Castilla<\/span>\t\t\t\t<\/div>\n\t\t\t\t<\/div>\n\t\t\t\t<div class=\"elementor-element elementor-element-2a6d4e3 elementor-invisible elementor-widget elementor-widget-text-editor\" data-id=\"2a6d4e3\" data-element_type=\"widget\" data-settings=\"{&quot;_animation&quot;:&quot;fadeIn&quot;,&quot;_animation_delay&quot;:400}\" data-widget_type=\"text-editor.default\">\n\t\t\t\t<div class=\"elementor-widget-container\">\n\t\t\t\t\t\t\t\t\t<p><strong>NOMBRE COMPLETO:\u00a0<\/strong>JULIO C\u00c9SAR VEL\u00c1SQUEZ<\/p><p><strong>SEDE DEL N\u00daCLEO:\u00a0<\/strong>IE Dinamarca<\/p><p><strong>CORREO N\u00daCLEO:\u00a0<\/strong>necastilla@medellin.gov.co<\/p><p><strong>CORREO ALTERNO:\u00a0<\/strong>nucleo920@gmail.com<\/p><p><strong>DIRECCI\u00d3N: <\/strong>Calle 91 # 65 &#8211; 120<\/p>\t\t\t\t\t\t\t\t<\/div>\n\t\t\t\t<\/div>\n\t\t\t\t\t<\/div>\n\t\t<\/div>\n\t\t\t\t\t<\/div>\n\t\t<\/section>\n\t\t\t\t<section class=\"elementor-section elementor-top-section elementor-element elementor-element-f9327a6 elementor-section-stretched elementor-section-boxed elementor-section-height-default elementor-section-height-default\" data-id=\"f9327a6\" data-element_type=\"section\" data-settings=\"{&quot;background_background&quot;:&quot;classic&quot;,&quot;stretch_section&quot;:&quot;section-stretched&quot;}\">\n\t\t\t\t\t\t<div class=\"elementor-container elementor-column-gap-default\">\n\t\t\t\t\t<div class=\"elementor-column elementor-col-100 elementor-top-column elementor-element elementor-element-c6eb3c4\" data-id=\"c6eb3c4\" data-element_type=\"column\" data-settings=\"{&quot;background_background&quot;:&quot;classic&quot;}\">\n\t\t\t<div class=\"elementor-widget-wrap elementor-element-populated\">\n\t\t\t\t\t\t<div class=\"elementor-element elementor-element-f4fe119 elementor-invisible elementor-widget elementor-widget-heading\" data-id=\"f4fe119\" data-element_type=\"widget\" data-settings=\"{&quot;_animation&quot;:&quot;fadeInDown&quot;}\" data-widget_type=\"heading.default\">\n\t\t\t\t<div class=\"elementor-widget-container\">\n\t\t\t\t\t<h2 class=\"elementor-heading-title elementor-size-default\">N\u00daCLEO 921<\/h2>\t\t\t\t<\/div>\n\t\t\t\t<\/div>\n\t\t\t\t<div class=\"elementor-element elementor-element-5eba04d elementor-invisible elementor-widget elementor-widget-heading\" data-id=\"5eba04d\" data-element_type=\"widget\" data-settings=\"{&quot;_animation&quot;:&quot;fadeIn&quot;,&quot;_animation_delay&quot;:200}\" data-widget_type=\"heading.default\">\n\t\t\t\t<div class=\"elementor-widget-container\">\n\t\t\t\t\t<span class=\"elementor-heading-title elementor-size-default\">COMUNA 6 Doce de\nOctubre<\/span>\t\t\t\t<\/div>\n\t\t\t\t<\/div>\n\t\t\t\t<div class=\"elementor-element elementor-element-a154661 elementor-invisible elementor-widget elementor-widget-text-editor\" data-id=\"a154661\" data-element_type=\"widget\" data-settings=\"{&quot;_animation&quot;:&quot;fadeIn&quot;,&quot;_animation_delay&quot;:400}\" data-widget_type=\"text-editor.default\">\n\t\t\t\t<div class=\"elementor-widget-container\">\n\t\t\t\t\t\t\t\t\t<p><strong>NOMBRE COMPLETO:\u00a0<\/strong>LYDA CATALINA C\u00c1RDENAS<\/p><p><strong>SEDE DEL N\u00daCLEO:\u00a0<\/strong>IE Barrio Santander<\/p><p><strong>CORREO N\u00daCLEO:\u00a0<\/strong>nepedregaldocedeoctu@medellin. gov.co<\/p><p><strong>CORREO ALTERNO:\u00a0<\/strong>nepedregaldoce@gmail.com<\/p><p><strong>DIRECCI\u00d3N:\u00a0<\/strong>Carrera 78C 104F-78<\/p>\t\t\t\t\t\t\t\t<\/div>\n\t\t\t\t<\/div>\n\t\t\t\t\t<\/div>\n\t\t<\/div>\n\t\t\t\t\t<\/div>\n\t\t<\/section>\n\t\t\t\t<section class=\"elementor-section elementor-top-section elementor-element elementor-element-9a60a48 elementor-section-stretched elementor-section-boxed elementor-section-height-default elementor-section-height-default\" data-id=\"9a60a48\" data-element_type=\"section\" data-settings=\"{&quot;background_background&quot;:&quot;classic&quot;,&quot;stretch_section&quot;:&quot;section-stretched&quot;}\">\n\t\t\t\t\t\t<div class=\"elementor-container elementor-column-gap-default\">\n\t\t\t\t\t<div class=\"elementor-column elementor-col-100 elementor-top-column elementor-element elementor-element-c9e955c\" data-id=\"c9e955c\" data-element_type=\"column\" data-settings=\"{&quot;background_background&quot;:&quot;classic&quot;}\">\n\t\t\t<div class=\"elementor-widget-wrap elementor-element-populated\">\n\t\t\t\t\t\t<div class=\"elementor-element elementor-element-3fddbed elementor-invisible elementor-widget elementor-widget-heading\" data-id=\"3fddbed\" data-element_type=\"widget\" data-settings=\"{&quot;_animation&quot;:&quot;fadeInDown&quot;}\" data-widget_type=\"heading.default\">\n\t\t\t\t<div class=\"elementor-widget-container\">\n\t\t\t\t\t<h2 class=\"elementor-heading-title elementor-size-default\">N\u00daCLEO 922<\/h2>\t\t\t\t<\/div>\n\t\t\t\t<\/div>\n\t\t\t\t<div class=\"elementor-element elementor-element-746c810 elementor-invisible elementor-widget elementor-widget-heading\" data-id=\"746c810\" data-element_type=\"widget\" data-settings=\"{&quot;_animation&quot;:&quot;fadeIn&quot;,&quot;_animation_delay&quot;:200}\" data-widget_type=\"heading.default\">\n\t\t\t\t<div class=\"elementor-widget-container\">\n\t\t\t\t\t<span class=\"elementor-heading-title elementor-size-default\">COMUNA 7a L\u00f3pez de Mesa <\/span>\t\t\t\t<\/div>\n\t\t\t\t<\/div>\n\t\t\t\t<div class=\"elementor-element elementor-element-d3a2bb3 elementor-invisible elementor-widget elementor-widget-text-editor\" data-id=\"d3a2bb3\" data-element_type=\"widget\" data-settings=\"{&quot;_animation&quot;:&quot;fadeIn&quot;,&quot;_animation_delay&quot;:400}\" data-widget_type=\"text-editor.default\">\n\t\t\t\t<div class=\"elementor-widget-container\">\n\t\t\t\t\t\t\t\t\t<p><strong>NOMBRE COMPLETO:\u00a0<\/strong>CARMEN LUC\u00cdA MEDINA GIRALDO<\/p><p><strong>SEDE DEL N\u00daCLEO:\u00a0<\/strong>Secci\u00f3n Escuela Alfredo Cock<\/p><p><strong>CORREO N\u00daCLEO:\u00a0<\/strong>nemesa@medellin.gov.co<\/p><p><strong>CORREO ALTERNO <\/strong><\/p><p><strong>DIRECCI\u00d3N:\u00a0<\/strong>Cra 70 N\u00ba 79a &#8211; 43 Bar.Cordoba<\/p><p>\u00a0<\/p>\t\t\t\t\t\t\t\t<\/div>\n\t\t\t\t<\/div>\n\t\t\t\t\t<\/div>\n\t\t<\/div>\n\t\t\t\t\t<\/div>\n\t\t<\/section>\n\t\t\t\t<section class=\"elementor-section elementor-top-section elementor-element elementor-element-6e301c0 elementor-section-stretched elementor-section-boxed elementor-section-height-default elementor-section-height-default\" data-id=\"6e301c0\" data-element_type=\"section\" data-settings=\"{&quot;background_background&quot;:&quot;classic&quot;,&quot;stretch_section&quot;:&quot;section-stretched&quot;}\">\n\t\t\t\t\t\t<div class=\"elementor-container elementor-column-gap-default\">\n\t\t\t\t\t<div class=\"elementor-column elementor-col-100 elementor-top-column elementor-element elementor-element-c1f9db3\" data-id=\"c1f9db3\" data-element_type=\"column\" data-settings=\"{&quot;background_background&quot;:&quot;classic&quot;}\">\n\t\t\t<div class=\"elementor-widget-wrap elementor-element-populated\">\n\t\t\t\t\t\t<div class=\"elementor-element elementor-element-3e36032 elementor-invisible elementor-widget elementor-widget-heading\" data-id=\"3e36032\" data-element_type=\"widget\" data-settings=\"{&quot;_animation&quot;:&quot;fadeInDown&quot;}\" data-widget_type=\"heading.default\">\n\t\t\t\t<div class=\"elementor-widget-container\">\n\t\t\t\t\t<h2 class=\"elementor-heading-title elementor-size-default\">N\u00daCLEO 923<\/h2>\t\t\t\t<\/div>\n\t\t\t\t<\/div>\n\t\t\t\t<div class=\"elementor-element elementor-element-ec2cfe2 elementor-invisible elementor-widget elementor-widget-heading\" data-id=\"ec2cfe2\" data-element_type=\"widget\" data-settings=\"{&quot;_animation&quot;:&quot;fadeIn&quot;,&quot;_animation_delay&quot;:200}\" data-widget_type=\"heading.default\">\n\t\t\t\t<div class=\"elementor-widget-container\">\n\t\t\t\t\t<span class=\"elementor-heading-title elementor-size-default\">COMUNA 7b Robledo <\/span>\t\t\t\t<\/div>\n\t\t\t\t<\/div>\n\t\t\t\t<div class=\"elementor-element elementor-element-6a0e0d7 elementor-invisible elementor-widget elementor-widget-text-editor\" data-id=\"6a0e0d7\" data-element_type=\"widget\" data-settings=\"{&quot;_animation&quot;:&quot;fadeIn&quot;,&quot;_animation_delay&quot;:400}\" data-widget_type=\"text-editor.default\">\n\t\t\t\t<div class=\"elementor-widget-container\">\n\t\t\t\t\t\t\t\t\t<p><strong>NOMBRE COMPLETO:\u00a0<\/strong>MAR\u00cdA EUGENIA VEL\u00c1SQUEZ ORREGO<\/p><p><strong>SEDE DEL N\u00daCLEO:\u00a0<\/strong><span style=\"font-size: 18px;\">IE Mariscal Robledo<\/span><\/p><p><strong>CORREO N\u00daCLEO:\u00a0<\/strong><span style=\"font-size: 18px;\">nerobledo@medellin.gov.co<\/span><\/p><p><strong>CORREO ALTERNO:\u00a0<\/strong>nerobledo@yahoo.com<\/p><p><strong>DIRECCI\u00d3N:\u00a0<\/strong>Calle 65 N\u00b0 84-87<\/p>\t\t\t\t\t\t\t\t<\/div>\n\t\t\t\t<\/div>\n\t\t\t\t\t<\/div>\n\t\t<\/div>\n\t\t\t\t\t<\/div>\n\t\t<\/section>\n\t\t\t\t<section class=\"elementor-section elementor-top-section elementor-element elementor-element-6c2bd87 elementor-section-stretched elementor-section-boxed elementor-section-height-default elementor-section-height-default\" data-id=\"6c2bd87\" data-element_type=\"section\" data-settings=\"{&quot;background_background&quot;:&quot;classic&quot;,&quot;stretch_section&quot;:&quot;section-stretched&quot;}\">\n\t\t\t\t\t\t<div class=\"elementor-container elementor-column-gap-default\">\n\t\t\t\t\t<div class=\"elementor-column elementor-col-100 elementor-top-column elementor-element elementor-element-fdd2f19\" data-id=\"fdd2f19\" data-element_type=\"column\" data-settings=\"{&quot;background_background&quot;:&quot;classic&quot;}\">\n\t\t\t<div class=\"elementor-widget-wrap elementor-element-populated\">\n\t\t\t\t\t\t<div class=\"elementor-element elementor-element-3105a14 elementor-invisible elementor-widget elementor-widget-heading\" data-id=\"3105a14\" data-element_type=\"widget\" data-settings=\"{&quot;_animation&quot;:&quot;fadeInDown&quot;}\" data-widget_type=\"heading.default\">\n\t\t\t\t<div class=\"elementor-widget-container\">\n\t\t\t\t\t<h2 class=\"elementor-heading-title elementor-size-default\">N\u00daCLEO 924<\/h2>\t\t\t\t<\/div>\n\t\t\t\t<\/div>\n\t\t\t\t<div class=\"elementor-element elementor-element-cf97b60 elementor-invisible elementor-widget elementor-widget-heading\" data-id=\"cf97b60\" data-element_type=\"widget\" data-settings=\"{&quot;_animation&quot;:&quot;fadeIn&quot;,&quot;_animation_delay&quot;:200}\" data-widget_type=\"heading.default\">\n\t\t\t\t<div class=\"elementor-widget-container\">\n\t\t\t\t\t<span class=\"elementor-heading-title elementor-size-default\">COMUNA 8 Villa Hermosa<\/span>\t\t\t\t<\/div>\n\t\t\t\t<\/div>\n\t\t\t\t<div class=\"elementor-element elementor-element-586d114 elementor-invisible elementor-widget elementor-widget-text-editor\" data-id=\"586d114\" data-element_type=\"widget\" data-settings=\"{&quot;_animation&quot;:&quot;fadeIn&quot;,&quot;_animation_delay&quot;:400}\" data-widget_type=\"text-editor.default\">\n\t\t\t\t<div class=\"elementor-widget-container\">\n\t\t\t\t\t\t\t\t\t<p><strong>NOMBRE COMPLETO:\u00a0<\/strong>SILVIA JANETH GONZ\u00c1LEZ GIL<\/p><p><strong>SEDE DEL N\u00daCLEO:\u00a0<\/strong>Casa Maestro Salvador Arango<\/p><p><strong>CORREO N\u00daCLEO:\u00a0<\/strong>nehermosa@medellin.gov.co<\/p><p><strong>CORREO ALTERNO:\u00a0<\/strong>nde924sem.atencionciudadania@gma il.com<\/p><p><strong>DIRECCI\u00d3N:\u00a0<\/strong>Calle 57c # 24a&#8211;143<\/p>\t\t\t\t\t\t\t\t<\/div>\n\t\t\t\t<\/div>\n\t\t\t\t\t<\/div>\n\t\t<\/div>\n\t\t\t\t\t<\/div>\n\t\t<\/section>\n\t\t\t\t<section class=\"elementor-section elementor-top-section elementor-element elementor-element-66502fc elementor-section-stretched elementor-section-boxed elementor-section-height-default elementor-section-height-default\" data-id=\"66502fc\" data-element_type=\"section\" data-settings=\"{&quot;background_background&quot;:&quot;classic&quot;,&quot;stretch_section&quot;:&quot;section-stretched&quot;}\">\n\t\t\t\t\t\t<div class=\"elementor-container elementor-column-gap-default\">\n\t\t\t\t\t<div class=\"elementor-column elementor-col-100 elementor-top-column elementor-element elementor-element-88d6b7f\" data-id=\"88d6b7f\" data-element_type=\"column\" data-settings=\"{&quot;background_background&quot;:&quot;classic&quot;}\">\n\t\t\t<div class=\"elementor-widget-wrap elementor-element-populated\">\n\t\t\t\t\t\t<div class=\"elementor-element elementor-element-95db7ef elementor-invisible elementor-widget elementor-widget-heading\" data-id=\"95db7ef\" data-element_type=\"widget\" data-settings=\"{&quot;_animation&quot;:&quot;fadeInDown&quot;}\" data-widget_type=\"heading.default\">\n\t\t\t\t<div class=\"elementor-widget-container\">\n\t\t\t\t\t<h2 class=\"elementor-heading-title elementor-size-default\">N\u00daCLEO 925<\/h2>\t\t\t\t<\/div>\n\t\t\t\t<\/div>\n\t\t\t\t<div class=\"elementor-element elementor-element-fcc17dc elementor-invisible elementor-widget elementor-widget-heading\" data-id=\"fcc17dc\" data-element_type=\"widget\" data-settings=\"{&quot;_animation&quot;:&quot;fadeIn&quot;,&quot;_animation_delay&quot;:200}\" data-widget_type=\"heading.default\">\n\t\t\t\t<div class=\"elementor-widget-container\">\n\t\t\t\t\t<span class=\"elementor-heading-title elementor-size-default\">COMUNA 9a Buenos Aires -\nSanta Elena <\/span>\t\t\t\t<\/div>\n\t\t\t\t<\/div>\n\t\t\t\t<div class=\"elementor-element elementor-element-7121123 elementor-invisible elementor-widget elementor-widget-text-editor\" data-id=\"7121123\" data-element_type=\"widget\" data-settings=\"{&quot;_animation&quot;:&quot;fadeIn&quot;,&quot;_animation_delay&quot;:400}\" data-widget_type=\"text-editor.default\">\n\t\t\t\t<div class=\"elementor-widget-container\">\n\t\t\t\t\t\t\t\t\t<p><strong>NOMBRE COMPLETO:\u00a0<\/strong>V\u00cdCTOR HUGO PALACIO CA\u00d1\u00d3N<\/p><p><strong>SEDE DEL N\u00daCLEO:\u00a0<\/strong>IE Miraflores Luis Edo Valencia<\/p><p><strong>CORREO N\u00daCLEO:\u00a0<\/strong>nebuenosaires@medellin.gov.co<\/p><p><strong>CORREO ALTERNO:\u00a0<\/strong>nucleoeducativobuenosaires@yahoo. com<\/p><p><strong>DIRECCI\u00d3N: <\/strong>Calle 48 # 27-05<\/p>\t\t\t\t\t\t\t\t<\/div>\n\t\t\t\t<\/div>\n\t\t\t\t\t<\/div>\n\t\t<\/div>\n\t\t\t\t\t<\/div>\n\t\t<\/section>\n\t\t\t\t<section class=\"elementor-section elementor-top-section elementor-element elementor-element-f443995 elementor-section-stretched elementor-section-boxed elementor-section-height-default elementor-section-height-default\" data-id=\"f443995\" data-element_type=\"section\" data-settings=\"{&quot;background_background&quot;:&quot;classic&quot;,&quot;stretch_section&quot;:&quot;section-stretched&quot;}\">\n\t\t\t\t\t\t<div class=\"elementor-container elementor-column-gap-default\">\n\t\t\t\t\t<div class=\"elementor-column elementor-col-100 elementor-top-column elementor-element elementor-element-7c31103\" data-id=\"7c31103\" data-element_type=\"column\" data-settings=\"{&quot;background_background&quot;:&quot;classic&quot;}\">\n\t\t\t<div class=\"elementor-widget-wrap elementor-element-populated\">\n\t\t\t\t\t\t<div class=\"elementor-element elementor-element-0e8cc90 elementor-invisible elementor-widget elementor-widget-heading\" data-id=\"0e8cc90\" data-element_type=\"widget\" data-settings=\"{&quot;_animation&quot;:&quot;fadeInDown&quot;}\" data-widget_type=\"heading.default\">\n\t\t\t\t<div class=\"elementor-widget-container\">\n\t\t\t\t\t<h2 class=\"elementor-heading-title elementor-size-default\">N\u00daCLEO 926<\/h2>\t\t\t\t<\/div>\n\t\t\t\t<\/div>\n\t\t\t\t<div class=\"elementor-element elementor-element-23e314a elementor-invisible elementor-widget elementor-widget-heading\" data-id=\"23e314a\" data-element_type=\"widget\" data-settings=\"{&quot;_animation&quot;:&quot;fadeIn&quot;,&quot;_animation_delay&quot;:200}\" data-widget_type=\"heading.default\">\n\t\t\t\t<div class=\"elementor-widget-container\">\n\t\t\t\t\t<span class=\"elementor-heading-title elementor-size-default\">COMUNA 9b Milagrosa <\/span>\t\t\t\t<\/div>\n\t\t\t\t<\/div>\n\t\t\t\t<div class=\"elementor-element elementor-element-a2859d1 elementor-invisible elementor-widget elementor-widget-text-editor\" data-id=\"a2859d1\" data-element_type=\"widget\" data-settings=\"{&quot;_animation&quot;:&quot;fadeIn&quot;,&quot;_animation_delay&quot;:400}\" data-widget_type=\"text-editor.default\">\n\t\t\t\t<div class=\"elementor-widget-container\">\n\t\t\t\t\t\t\t\t\t<p><strong>NOMBRE COMPLETO:\u00a0<\/strong>V\u00cdCTOR HUGO DELGADO ZAPATA<\/p><p><strong>SEDE DEL N\u00daCLEO:\u00a0<\/strong>IE Federico Ozanam<\/p><p><strong>CORREO N\u00daCLEO:\u00a0<\/strong>nemilagrosa@medellin.gov.co<\/p><p><strong>CORREO ALTERNO <\/strong><\/p><p><strong>DIRECCI\u00d3N: <\/strong>Carrera 36 45-08<\/p>\t\t\t\t\t\t\t\t<\/div>\n\t\t\t\t<\/div>\n\t\t\t\t\t<\/div>\n\t\t<\/div>\n\t\t\t\t\t<\/div>\n\t\t<\/section>\n\t\t\t\t<section class=\"elementor-section elementor-top-section elementor-element elementor-element-670761c elementor-section-stretched elementor-section-boxed elementor-section-height-default elementor-section-height-default\" data-id=\"670761c\" data-element_type=\"section\" data-settings=\"{&quot;background_background&quot;:&quot;classic&quot;,&quot;stretch_section&quot;:&quot;section-stretched&quot;}\">\n\t\t\t\t\t\t<div class=\"elementor-container elementor-column-gap-default\">\n\t\t\t\t\t<div class=\"elementor-column elementor-col-100 elementor-top-column elementor-element elementor-element-9f79262\" data-id=\"9f79262\" data-element_type=\"column\" data-settings=\"{&quot;background_background&quot;:&quot;classic&quot;}\">\n\t\t\t<div class=\"elementor-widget-wrap elementor-element-populated\">\n\t\t\t\t\t\t<div class=\"elementor-element elementor-element-1249ddd elementor-invisible elementor-widget elementor-widget-heading\" data-id=\"1249ddd\" data-element_type=\"widget\" data-settings=\"{&quot;_animation&quot;:&quot;fadeInDown&quot;}\" data-widget_type=\"heading.default\">\n\t\t\t\t<div class=\"elementor-widget-container\">\n\t\t\t\t\t<h2 class=\"elementor-heading-title elementor-size-default\">N\u00daCLEO 927<\/h2>\t\t\t\t<\/div>\n\t\t\t\t<\/div>\n\t\t\t\t<div class=\"elementor-element elementor-element-3a345f6 elementor-invisible elementor-widget elementor-widget-heading\" data-id=\"3a345f6\" data-element_type=\"widget\" data-settings=\"{&quot;_animation&quot;:&quot;fadeIn&quot;,&quot;_animation_delay&quot;:200}\" data-widget_type=\"heading.default\">\n\t\t\t\t<div class=\"elementor-widget-container\">\n\t\t\t\t\t<span class=\"elementor-heading-title elementor-size-default\">COMUNA 10a Prado Centro<\/span>\t\t\t\t<\/div>\n\t\t\t\t<\/div>\n\t\t\t\t<div class=\"elementor-element elementor-element-c976bbc elementor-invisible elementor-widget elementor-widget-text-editor\" data-id=\"c976bbc\" data-element_type=\"widget\" data-settings=\"{&quot;_animation&quot;:&quot;fadeIn&quot;,&quot;_animation_delay&quot;:400}\" data-widget_type=\"text-editor.default\">\n\t\t\t\t<div class=\"elementor-widget-container\">\n\t\t\t\t\t\t\t\t\t<p><strong>NOMBRE COMPLETO:\u00a0<\/strong>ENRIQUE MAYO GARC\u00cdA<\/p><p><strong>SEDE DEL N\u00daCLEO: <\/strong>IE Tulio Ospina<\/p><p><strong>CORREO N\u00daCLEO:\u00a0<\/strong>necentro@medellin.gov.co<\/p><p><strong>CORREO ALTERNO:\u00a0<\/strong>nepradocentro@medellin.gov.co duqueiro.espinal@medellin.gov.co<\/p><p><strong>DIRECCI\u00d3N: <\/strong>Carrera 51 60-38<\/p>\t\t\t\t\t\t\t\t<\/div>\n\t\t\t\t<\/div>\n\t\t\t\t\t<\/div>\n\t\t<\/div>\n\t\t\t\t\t<\/div>\n\t\t<\/section>\n\t\t\t\t<section class=\"elementor-section elementor-top-section elementor-element elementor-element-dae9567 elementor-section-stretched elementor-section-boxed elementor-section-height-default elementor-section-height-default\" data-id=\"dae9567\" data-element_type=\"section\" data-settings=\"{&quot;background_background&quot;:&quot;classic&quot;,&quot;stretch_section&quot;:&quot;section-stretched&quot;}\">\n\t\t\t\t\t\t<div class=\"elementor-container elementor-column-gap-default\">\n\t\t\t\t\t<div class=\"elementor-column elementor-col-100 elementor-top-column elementor-element elementor-element-6e07f66\" data-id=\"6e07f66\" data-element_type=\"column\" data-settings=\"{&quot;background_background&quot;:&quot;classic&quot;}\">\n\t\t\t<div class=\"elementor-widget-wrap elementor-element-populated\">\n\t\t\t\t\t\t<div class=\"elementor-element elementor-element-675e83a elementor-invisible elementor-widget elementor-widget-heading\" data-id=\"675e83a\" data-element_type=\"widget\" data-settings=\"{&quot;_animation&quot;:&quot;fadeInDown&quot;}\" data-widget_type=\"heading.default\">\n\t\t\t\t<div class=\"elementor-widget-container\">\n\t\t\t\t\t<h2 class=\"elementor-heading-title elementor-size-default\">N\u00daCLEO 928<\/h2>\t\t\t\t<\/div>\n\t\t\t\t<\/div>\n\t\t\t\t<div class=\"elementor-element elementor-element-7bcaf0e elementor-invisible elementor-widget elementor-widget-heading\" data-id=\"7bcaf0e\" data-element_type=\"widget\" data-settings=\"{&quot;_animation&quot;:&quot;fadeIn&quot;,&quot;_animation_delay&quot;:200}\" data-widget_type=\"heading.default\">\n\t\t\t\t<div class=\"elementor-widget-container\">\n\t\t\t\t\t<span class=\"elementor-heading-title elementor-size-default\">COMUNA 10b Candelaria<\/span>\t\t\t\t<\/div>\n\t\t\t\t<\/div>\n\t\t\t\t<div class=\"elementor-element elementor-element-6d39dee elementor-invisible elementor-widget elementor-widget-text-editor\" data-id=\"6d39dee\" data-element_type=\"widget\" data-settings=\"{&quot;_animation&quot;:&quot;fadeIn&quot;,&quot;_animation_delay&quot;:400}\" data-widget_type=\"text-editor.default\">\n\t\t\t\t<div class=\"elementor-widget-container\">\n\t\t\t\t\t\t\t\t\t<p><strong>NOMBRE COMPLETO:\u00a0<\/strong>LUZ MARINA ARISTIZ\u00c1BAL<\/p><p><strong>SEDE DEL N\u00daCLEO:\u00a0<\/strong>IE Centro Formativo de Antioquia &#8211; CEFA<\/p><p><strong>CORREO N\u00daCLEO:\u00a0<\/strong>necandelaria@medellin.gov.co<\/p><p><strong>CORREO ALTERNO: <\/strong>nucleo928@gmail.com<\/p><p><strong>DIRECCI\u00d3N: <\/strong>Cl. 50 #41-55<\/p>\t\t\t\t\t\t\t\t<\/div>\n\t\t\t\t<\/div>\n\t\t\t\t\t<\/div>\n\t\t<\/div>\n\t\t\t\t\t<\/div>\n\t\t<\/section>\n\t\t\t\t<section class=\"elementor-section elementor-top-section elementor-element elementor-element-e142f9e elementor-section-stretched elementor-section-boxed elementor-section-height-default elementor-section-height-default\" data-id=\"e142f9e\" data-element_type=\"section\" data-settings=\"{&quot;background_background&quot;:&quot;classic&quot;,&quot;stretch_section&quot;:&quot;section-stretched&quot;}\">\n\t\t\t\t\t\t<div class=\"elementor-container elementor-column-gap-default\">\n\t\t\t\t\t<div class=\"elementor-column elementor-col-100 elementor-top-column elementor-element elementor-element-382274c\" data-id=\"382274c\" data-element_type=\"column\" data-settings=\"{&quot;background_background&quot;:&quot;classic&quot;}\">\n\t\t\t<div class=\"elementor-widget-wrap elementor-element-populated\">\n\t\t\t\t\t\t<div class=\"elementor-element elementor-element-5c39670 elementor-invisible elementor-widget elementor-widget-heading\" data-id=\"5c39670\" data-element_type=\"widget\" data-settings=\"{&quot;_animation&quot;:&quot;fadeInDown&quot;}\" data-widget_type=\"heading.default\">\n\t\t\t\t<div class=\"elementor-widget-container\">\n\t\t\t\t\t<h2 class=\"elementor-heading-title elementor-size-default\">N\u00daCLEO 929<\/h2>\t\t\t\t<\/div>\n\t\t\t\t<\/div>\n\t\t\t\t<div class=\"elementor-element elementor-element-28376c9 elementor-invisible elementor-widget elementor-widget-heading\" data-id=\"28376c9\" data-element_type=\"widget\" data-settings=\"{&quot;_animation&quot;:&quot;fadeIn&quot;,&quot;_animation_delay&quot;:200}\" data-widget_type=\"heading.default\">\n\t\t\t\t<div class=\"elementor-widget-container\">\n\t\t\t\t\t<span class=\"elementor-heading-title elementor-size-default\">COMUNA 11 Laureles<\/span>\t\t\t\t<\/div>\n\t\t\t\t<\/div>\n\t\t\t\t<div class=\"elementor-element elementor-element-63a8b02 elementor-invisible elementor-widget elementor-widget-text-editor\" data-id=\"63a8b02\" data-element_type=\"widget\" data-settings=\"{&quot;_animation&quot;:&quot;fadeIn&quot;,&quot;_animation_delay&quot;:400}\" data-widget_type=\"text-editor.default\">\n\t\t\t\t<div class=\"elementor-widget-container\">\n\t\t\t\t\t\t\t\t\t<p><strong>NOMBRE COMPLETO:\u00a0<\/strong>NANCY ALARC\u00d3N RUIZ<\/p><p><strong>SEDE DEL N\u00daCLEO:\u00a0<\/strong>Secci\u00f3n Esc. Carlos Obando Velasco<\/p><p><strong>CORREO N\u00daCLEO:\u00a0<\/strong>nelaureles@medellin.gov.co<\/p><p><strong>CORREO ALTERNO:\u00a0<\/strong>nucleolaureles@gmail.com<\/p><p><strong>DIRECCI\u00d3N: <\/strong>Carrera 67A # 42-24<\/p>\t\t\t\t\t\t\t\t<\/div>\n\t\t\t\t<\/div>\n\t\t\t\t\t<\/div>\n\t\t<\/div>\n\t\t\t\t\t<\/div>\n\t\t<\/section>\n\t\t\t\t<section class=\"elementor-section elementor-top-section elementor-element elementor-element-1e64492 elementor-section-stretched elementor-section-boxed elementor-section-height-default elementor-section-height-default\" data-id=\"1e64492\" data-element_type=\"section\" data-settings=\"{&quot;background_background&quot;:&quot;classic&quot;,&quot;stretch_section&quot;:&quot;section-stretched&quot;}\">\n\t\t\t\t\t\t<div class=\"elementor-container elementor-column-gap-default\">\n\t\t\t\t\t<div class=\"elementor-column elementor-col-100 elementor-top-column elementor-element elementor-element-8272687\" data-id=\"8272687\" data-element_type=\"column\" data-settings=\"{&quot;background_background&quot;:&quot;classic&quot;}\">\n\t\t\t<div class=\"elementor-widget-wrap elementor-element-populated\">\n\t\t\t\t\t\t<div class=\"elementor-element elementor-element-5c8df18 elementor-invisible elementor-widget elementor-widget-heading\" data-id=\"5c8df18\" data-element_type=\"widget\" data-settings=\"{&quot;_animation&quot;:&quot;fadeInDown&quot;}\" data-widget_type=\"heading.default\">\n\t\t\t\t<div class=\"elementor-widget-container\">\n\t\t\t\t\t<h2 class=\"elementor-heading-title elementor-size-default\">N\u00daCLEO 930<\/h2>\t\t\t\t<\/div>\n\t\t\t\t<\/div>\n\t\t\t\t<div class=\"elementor-element elementor-element-0957e5a elementor-invisible elementor-widget elementor-widget-heading\" data-id=\"0957e5a\" data-element_type=\"widget\" data-settings=\"{&quot;_animation&quot;:&quot;fadeIn&quot;,&quot;_animation_delay&quot;:200}\" data-widget_type=\"heading.default\">\n\t\t\t\t<div class=\"elementor-widget-container\">\n\t\t\t\t\t<span class=\"elementor-heading-title elementor-size-default\">COMUNA 12 Floresta<\/span>\t\t\t\t<\/div>\n\t\t\t\t<\/div>\n\t\t\t\t<div class=\"elementor-element elementor-element-afc13ff elementor-invisible elementor-widget elementor-widget-text-editor\" data-id=\"afc13ff\" data-element_type=\"widget\" data-settings=\"{&quot;_animation&quot;:&quot;fadeIn&quot;,&quot;_animation_delay&quot;:400}\" data-widget_type=\"text-editor.default\">\n\t\t\t\t<div class=\"elementor-widget-container\">\n\t\t\t\t\t\t\t\t\t<p><strong>NOMBRE COMPLETO: <\/strong>WILDIMAN DE JES\u00daS MORENO HOYOS<\/p><p><strong>SEDE DEL N\u00daCLEO:\u00a0<\/strong>IE Santa Rosa de Lima<\/p><p><strong>CORREO N\u00daCLEO:\u00a0<\/strong>nefloresta@medellin.gov.co<\/p><p><strong>CORREO ALTERNO <\/strong><\/p><p><strong>DIRECCI\u00d3N: <\/strong>Cl. 45G #80-95, La Floresta<\/p>\t\t\t\t\t\t\t\t<\/div>\n\t\t\t\t<\/div>\n\t\t\t\t\t<\/div>\n\t\t<\/div>\n\t\t\t\t\t<\/div>\n\t\t<\/section>\n\t\t\t\t<section class=\"elementor-section elementor-top-section elementor-element elementor-element-d385113 elementor-section-stretched elementor-section-boxed elementor-section-height-default elementor-section-height-default\" data-id=\"d385113\" data-element_type=\"section\" data-settings=\"{&quot;background_background&quot;:&quot;classic&quot;,&quot;stretch_section&quot;:&quot;section-stretched&quot;}\">\n\t\t\t\t\t\t<div class=\"elementor-container elementor-column-gap-default\">\n\t\t\t\t\t<div class=\"elementor-column elementor-col-100 elementor-top-column elementor-element elementor-element-60fac11\" data-id=\"60fac11\" data-element_type=\"column\" data-settings=\"{&quot;background_background&quot;:&quot;classic&quot;}\">\n\t\t\t<div class=\"elementor-widget-wrap elementor-element-populated\">\n\t\t\t\t\t\t<div class=\"elementor-element elementor-element-cd39f2f elementor-invisible elementor-widget elementor-widget-heading\" data-id=\"cd39f2f\" data-element_type=\"widget\" data-settings=\"{&quot;_animation&quot;:&quot;fadeInDown&quot;}\" data-widget_type=\"heading.default\">\n\t\t\t\t<div class=\"elementor-widget-container\">\n\t\t\t\t\t<h2 class=\"elementor-heading-title elementor-size-default\">N\u00daCLEO 931<\/h2>\t\t\t\t<\/div>\n\t\t\t\t<\/div>\n\t\t\t\t<div class=\"elementor-element elementor-element-78682b2 elementor-invisible elementor-widget elementor-widget-heading\" data-id=\"78682b2\" data-element_type=\"widget\" data-settings=\"{&quot;_animation&quot;:&quot;fadeIn&quot;,&quot;_animation_delay&quot;:200}\" data-widget_type=\"heading.default\">\n\t\t\t\t<div class=\"elementor-widget-container\">\n\t\t\t\t\t<span class=\"elementor-heading-title elementor-size-default\">COMUNA 13 San Javier<\/span>\t\t\t\t<\/div>\n\t\t\t\t<\/div>\n\t\t\t\t<div class=\"elementor-element elementor-element-28cbbf4 elementor-invisible elementor-widget elementor-widget-text-editor\" data-id=\"28cbbf4\" data-element_type=\"widget\" data-settings=\"{&quot;_animation&quot;:&quot;fadeIn&quot;,&quot;_animation_delay&quot;:400}\" data-widget_type=\"text-editor.default\">\n\t\t\t\t<div class=\"elementor-widget-container\">\n\t\t\t\t\t\t\t\t\t<p><strong>NOMBRE COMPLETO: <\/strong>ALBA DELFINA CASTILLO CUEVA<\/p><p><strong>SEDE DEL N\u00daCLEO:\u00a0<\/strong>IE La Independencia<\/p><p><strong>CORREO N\u00daCLEO:\u00a0<\/strong>nejavier@medellin.gov.co<\/p><p><strong>CORREO ALTERNO:\u00a0<\/strong><\/p><p><strong>DIRECCI\u00d3N: <\/strong>CLL 39D 112-81<\/p>\t\t\t\t\t\t\t\t<\/div>\n\t\t\t\t<\/div>\n\t\t\t\t\t<\/div>\n\t\t<\/div>\n\t\t\t\t\t<\/div>\n\t\t<\/section>\n\t\t\t\t<section class=\"elementor-section elementor-top-section elementor-element elementor-element-adc944f elementor-section-stretched elementor-section-boxed elementor-section-height-default elementor-section-height-default\" data-id=\"adc944f\" data-element_type=\"section\" data-settings=\"{&quot;background_background&quot;:&quot;classic&quot;,&quot;stretch_section&quot;:&quot;section-stretched&quot;}\">\n\t\t\t\t\t\t<div class=\"elementor-container elementor-column-gap-default\">\n\t\t\t\t\t<div class=\"elementor-column elementor-col-100 elementor-top-column elementor-element elementor-element-5426331\" data-id=\"5426331\" data-element_type=\"column\" data-settings=\"{&quot;background_background&quot;:&quot;classic&quot;}\">\n\t\t\t<div class=\"elementor-widget-wrap elementor-element-populated\">\n\t\t\t\t\t\t<div class=\"elementor-element elementor-element-7fbee70 elementor-invisible elementor-widget elementor-widget-heading\" data-id=\"7fbee70\" data-element_type=\"widget\" data-settings=\"{&quot;_animation&quot;:&quot;fadeInDown&quot;}\" data-widget_type=\"heading.default\">\n\t\t\t\t<div class=\"elementor-widget-container\">\n\t\t\t\t\t<h2 class=\"elementor-heading-title elementor-size-default\">N\u00daCLEO 932<\/h2>\t\t\t\t<\/div>\n\t\t\t\t<\/div>\n\t\t\t\t<div class=\"elementor-element elementor-element-42ff4ad elementor-invisible elementor-widget elementor-widget-heading\" data-id=\"42ff4ad\" data-element_type=\"widget\" data-settings=\"{&quot;_animation&quot;:&quot;fadeIn&quot;,&quot;_animation_delay&quot;:200}\" data-widget_type=\"heading.default\">\n\t\t\t\t<div class=\"elementor-widget-container\">\n\t\t\t\t\t<span class=\"elementor-heading-title elementor-size-default\">COMUNA 14 Poblado <\/span>\t\t\t\t<\/div>\n\t\t\t\t<\/div>\n\t\t\t\t<div class=\"elementor-element elementor-element-6ffea6a elementor-invisible elementor-widget elementor-widget-text-editor\" data-id=\"6ffea6a\" data-element_type=\"widget\" data-settings=\"{&quot;_animation&quot;:&quot;fadeIn&quot;,&quot;_animation_delay&quot;:400}\" data-widget_type=\"text-editor.default\">\n\t\t\t\t<div class=\"elementor-widget-container\">\n\t\t\t\t\t\t\t\t\t<p><strong>NOMBRE COMPLETO: <\/strong>ALEJANDRO MANUEL BARRIOS GARC\u00cdA<\/p><p><strong>SEDE DEL N\u00daCLEO:\u00a0<\/strong>Mascerca del Poblado<\/p><p><strong>CORREO N\u00daCLEO: <\/strong>nepoblado@medellin.gov.co<\/p><p><strong>CORREO ALTERNO <\/strong><\/p><p><strong>DIRECCI\u00d3N:<\/strong>\u00a0Carrera 43D # 11 &#8211; 02<\/p>\t\t\t\t\t\t\t\t<\/div>\n\t\t\t\t<\/div>\n\t\t\t\t\t<\/div>\n\t\t<\/div>\n\t\t\t\t\t<\/div>\n\t\t<\/section>\n\t\t\t\t<section class=\"elementor-section elementor-top-section elementor-element elementor-element-78ff291 elementor-section-stretched elementor-section-boxed elementor-section-height-default elementor-section-height-default\" data-id=\"78ff291\" data-element_type=\"section\" data-settings=\"{&quot;background_background&quot;:&quot;classic&quot;,&quot;stretch_section&quot;:&quot;section-stretched&quot;}\">\n\t\t\t\t\t\t<div class=\"elementor-container elementor-column-gap-default\">\n\t\t\t\t\t<div class=\"elementor-column elementor-col-100 elementor-top-column elementor-element elementor-element-2d1b9e6\" data-id=\"2d1b9e6\" data-element_type=\"column\" data-settings=\"{&quot;background_background&quot;:&quot;classic&quot;}\">\n\t\t\t<div class=\"elementor-widget-wrap elementor-element-populated\">\n\t\t\t\t\t\t<div class=\"elementor-element elementor-element-6706f26 elementor-invisible elementor-widget elementor-widget-heading\" data-id=\"6706f26\" data-element_type=\"widget\" data-settings=\"{&quot;_animation&quot;:&quot;fadeInDown&quot;}\" data-widget_type=\"heading.default\">\n\t\t\t\t<div class=\"elementor-widget-container\">\n\t\t\t\t\t<h2 class=\"elementor-heading-title elementor-size-default\">N\u00daCLEO 933<\/h2>\t\t\t\t<\/div>\n\t\t\t\t<\/div>\n\t\t\t\t<div class=\"elementor-element elementor-element-38158ce elementor-invisible elementor-widget elementor-widget-heading\" data-id=\"38158ce\" data-element_type=\"widget\" data-settings=\"{&quot;_animation&quot;:&quot;fadeIn&quot;,&quot;_animation_delay&quot;:200}\" data-widget_type=\"heading.default\">\n\t\t\t\t<div class=\"elementor-widget-container\">\n\t\t\t\t\t<span class=\"elementor-heading-title elementor-size-default\">COMUNA 15 Cristo Rey -\nGuayabal<\/span>\t\t\t\t<\/div>\n\t\t\t\t<\/div>\n\t\t\t\t<div class=\"elementor-element elementor-element-d4fc8b1 elementor-invisible elementor-widget elementor-widget-text-editor\" data-id=\"d4fc8b1\" data-element_type=\"widget\" data-settings=\"{&quot;_animation&quot;:&quot;fadeIn&quot;,&quot;_animation_delay&quot;:400}\" data-widget_type=\"text-editor.default\">\n\t\t\t\t<div class=\"elementor-widget-container\">\n\t\t\t\t\t\t\t\t\t<p><strong>NOMBRE COMPLETO:\u00a0<\/strong>LILIANA CECILIA BETANCUR LAVERDE<\/p><p><strong>SEDE DEL N\u00daCLEO:\u00a0<\/strong>Escuela Cristo Rey<\/p><p><strong>CORREO N\u00daCLEO:\u00a0<\/strong>neguayabal@medellin.gov.co<\/p><p><strong>CORREO ALTERNO:\u00a0<\/strong>necristorey933@gmail.com<\/p><p><strong>DIRECCI\u00d3N:\u00a0<\/strong>Carrera 50G 3 Sur 34<\/p>\t\t\t\t\t\t\t\t<\/div>\n\t\t\t\t<\/div>\n\t\t\t\t\t<\/div>\n\t\t<\/div>\n\t\t\t\t\t<\/div>\n\t\t<\/section>\n\t\t\t\t<section class=\"elementor-section elementor-top-section elementor-element elementor-element-ab58c7a elementor-section-stretched elementor-section-boxed elementor-section-height-default elementor-section-height-default\" data-id=\"ab58c7a\" data-element_type=\"section\" data-settings=\"{&quot;background_background&quot;:&quot;classic&quot;,&quot;stretch_section&quot;:&quot;section-stretched&quot;}\">\n\t\t\t\t\t\t<div class=\"elementor-container elementor-column-gap-default\">\n\t\t\t\t\t<div class=\"elementor-column elementor-col-100 elementor-top-column elementor-element elementor-element-0a96311\" data-id=\"0a96311\" data-element_type=\"column\" data-settings=\"{&quot;background_background&quot;:&quot;classic&quot;}\">\n\t\t\t<div class=\"elementor-widget-wrap elementor-element-populated\">\n\t\t\t\t\t\t<div class=\"elementor-element elementor-element-9415e06 elementor-invisible elementor-widget elementor-widget-heading\" data-id=\"9415e06\" data-element_type=\"widget\" data-settings=\"{&quot;_animation&quot;:&quot;fadeInDown&quot;}\" data-widget_type=\"heading.default\">\n\t\t\t\t<div class=\"elementor-widget-container\">\n\t\t\t\t\t<h2 class=\"elementor-heading-title elementor-size-default\">N\u00daCLEO 934<\/h2>\t\t\t\t<\/div>\n\t\t\t\t<\/div>\n\t\t\t\t<div class=\"elementor-element elementor-element-7d08abc elementor-invisible elementor-widget elementor-widget-heading\" data-id=\"7d08abc\" data-element_type=\"widget\" data-settings=\"{&quot;_animation&quot;:&quot;fadeIn&quot;,&quot;_animation_delay&quot;:200}\" data-widget_type=\"heading.default\">\n\t\t\t\t<div class=\"elementor-widget-container\">\n\t\t\t\t\t<span class=\"elementor-heading-title elementor-size-default\">COMUNA 16a Bel\u00e9n\nAltavista70<\/span>\t\t\t\t<\/div>\n\t\t\t\t<\/div>\n\t\t\t\t<div class=\"elementor-element elementor-element-964b96f elementor-invisible elementor-widget elementor-widget-text-editor\" data-id=\"964b96f\" data-element_type=\"widget\" data-settings=\"{&quot;_animation&quot;:&quot;fadeIn&quot;,&quot;_animation_delay&quot;:400}\" data-widget_type=\"text-editor.default\">\n\t\t\t\t<div class=\"elementor-widget-container\">\n\t\t\t\t\t\t\t\t\t<p><strong>NOMBRE COMPLETO:\u00a0<\/strong>MARTHA LIRIA CORRALES ALZATE<\/p><p><strong>SEDE DEL N\u00daCLEO:\u00a0<\/strong>IE Rosal\u00eda Su\u00e1rez<\/p><p><strong>CORREO N\u00daCLEO:\u00a0<\/strong>nebelenaltavista@medellin.gov.co<\/p><p><strong>CORREO ALTERNO:\u00a0<\/strong>nersuarez@une.net.co<\/p><p><strong>DIRECCI\u00d3N: <\/strong>Carrera 77 # 30A-53<\/p>\t\t\t\t\t\t\t\t<\/div>\n\t\t\t\t<\/div>\n\t\t\t\t\t<\/div>\n\t\t<\/div>\n\t\t\t\t\t<\/div>\n\t\t<\/section>\n\t\t\t\t<section class=\"elementor-section elementor-top-section elementor-element elementor-element-8fb72c5 elementor-section-stretched elementor-section-boxed elementor-section-height-default elementor-section-height-default\" data-id=\"8fb72c5\" data-element_type=\"section\" data-settings=\"{&quot;background_background&quot;:&quot;classic&quot;,&quot;stretch_section&quot;:&quot;section-stretched&quot;}\">\n\t\t\t\t\t\t<div class=\"elementor-container elementor-column-gap-default\">\n\t\t\t\t\t<div class=\"elementor-column elementor-col-100 elementor-top-column elementor-element elementor-element-e2334d4\" data-id=\"e2334d4\" data-element_type=\"column\" data-settings=\"{&quot;background_background&quot;:&quot;classic&quot;}\">\n\t\t\t<div class=\"elementor-widget-wrap elementor-element-populated\">\n\t\t\t\t\t\t<div class=\"elementor-element elementor-element-81251dd elementor-invisible elementor-widget elementor-widget-heading\" data-id=\"81251dd\" data-element_type=\"widget\" data-settings=\"{&quot;_animation&quot;:&quot;fadeInDown&quot;}\" data-widget_type=\"heading.default\">\n\t\t\t\t<div class=\"elementor-widget-container\">\n\t\t\t\t\t<h2 class=\"elementor-heading-title elementor-size-default\">N\u00daCLEO 935<\/h2>\t\t\t\t<\/div>\n\t\t\t\t<\/div>\n\t\t\t\t<div class=\"elementor-element elementor-element-8ca48fd elementor-invisible elementor-widget elementor-widget-heading\" data-id=\"8ca48fd\" data-element_type=\"widget\" data-settings=\"{&quot;_animation&quot;:&quot;fadeIn&quot;,&quot;_animation_delay&quot;:200}\" data-widget_type=\"heading.default\">\n\t\t\t\t<div class=\"elementor-widget-container\">\n\t\t\t\t\t<span class=\"elementor-heading-title elementor-size-default\">COMUNA 16b Bel\u00e9n San Bdo<\/span>\t\t\t\t<\/div>\n\t\t\t\t<\/div>\n\t\t\t\t<div class=\"elementor-element elementor-element-57bcd8b elementor-invisible elementor-widget elementor-widget-text-editor\" data-id=\"57bcd8b\" data-element_type=\"widget\" data-settings=\"{&quot;_animation&quot;:&quot;fadeIn&quot;,&quot;_animation_delay&quot;:400}\" data-widget_type=\"text-editor.default\">\n\t\t\t\t<div class=\"elementor-widget-container\">\n\t\t\t\t\t\t\t\t\t<p><strong>NOMBRE COMPLETO:\u00a0<\/strong>\u00c1NGELA MAR\u00cdA V\u00c9LEZ<\/p><p><strong>SEDE DEL N\u00daCLEO:\u00a0<\/strong>Escuela Carlos Franco<\/p><p><strong>CORREO N\u00daCLEO:\u00a0<\/strong>nebelensanbdo@medellin.gov.co<\/p><p><strong>CORREO ALTERNO <\/strong><\/p><p><strong>DIRECCI\u00d3N: <\/strong>Carrera 77# 25-67<\/p>\t\t\t\t\t\t\t\t<\/div>\n\t\t\t\t<\/div>\n\t\t\t\t\t<\/div>\n\t\t<\/div>\n\t\t\t\t\t<\/div>\n\t\t<\/section>\n\t\t\t\t<section class=\"elementor-section elementor-top-section elementor-element elementor-element-e1acb21 elementor-section-stretched elementor-section-boxed elementor-section-height-default elementor-section-height-default\" data-id=\"e1acb21\" data-element_type=\"section\" data-settings=\"{&quot;background_background&quot;:&quot;classic&quot;,&quot;stretch_section&quot;:&quot;section-stretched&quot;}\">\n\t\t\t\t\t\t<div class=\"elementor-container elementor-column-gap-default\">\n\t\t\t\t\t<div class=\"elementor-column elementor-col-100 elementor-top-column elementor-element elementor-element-0ae94fa\" data-id=\"0ae94fa\" data-element_type=\"column\" data-settings=\"{&quot;background_background&quot;:&quot;classic&quot;}\">\n\t\t\t<div class=\"elementor-widget-wrap elementor-element-populated\">\n\t\t\t\t\t\t<div class=\"elementor-element elementor-element-83c5b8d elementor-invisible elementor-widget elementor-widget-heading\" data-id=\"83c5b8d\" data-element_type=\"widget\" data-settings=\"{&quot;_animation&quot;:&quot;fadeInDown&quot;}\" data-widget_type=\"heading.default\">\n\t\t\t\t<div class=\"elementor-widget-container\">\n\t\t\t\t\t<h2 class=\"elementor-heading-title elementor-size-default\">N\u00daCLEO 936<\/h2>\t\t\t\t<\/div>\n\t\t\t\t<\/div>\n\t\t\t\t<div class=\"elementor-element elementor-element-db8086a elementor-invisible elementor-widget elementor-widget-heading\" data-id=\"db8086a\" data-element_type=\"widget\" data-settings=\"{&quot;_animation&quot;:&quot;fadeIn&quot;,&quot;_animation_delay&quot;:200}\" data-widget_type=\"heading.default\">\n\t\t\t\t<div class=\"elementor-widget-container\">\n\t\t\t\t\t<span class=\"elementor-heading-title elementor-size-default\">COMUNA Correg. San\nCrist\u00f3bal y\nPalmitas 60<\/span>\t\t\t\t<\/div>\n\t\t\t\t<\/div>\n\t\t\t\t<div class=\"elementor-element elementor-element-d1551f1 elementor-invisible elementor-widget elementor-widget-text-editor\" data-id=\"d1551f1\" data-element_type=\"widget\" data-settings=\"{&quot;_animation&quot;:&quot;fadeIn&quot;,&quot;_animation_delay&quot;:400}\" data-widget_type=\"text-editor.default\">\n\t\t\t\t<div class=\"elementor-widget-container\">\n\t\t\t\t\t\t\t\t\t<p><strong>NOMBRE COMPLETO:\u00a0<\/strong>FERNANDO OSPINA<\/p><p><strong>SEDE DEL N\u00daCLEO:\u00a0<\/strong>IE San Crist\u00f3bal<\/p><p><strong>CORREO N\u00daCLEO:\u00a0<\/strong>nesancrispalmitas@medellin.gov. co<\/p><p><strong>CORREO ALTERNO:\u00a0<\/strong>nucleoeducativo936@gmail.com<\/p><p><strong>DIRECCI\u00d3N: <\/strong>\u00a0Carrera 131 # 65-07<\/p>\t\t\t\t\t\t\t\t<\/div>\n\t\t\t\t<\/div>\n\t\t\t\t\t<\/div>\n\t\t<\/div>\n\t\t\t\t\t<\/div>\n\t\t<\/section>\n\t\t\t\t<section class=\"elementor-section elementor-top-section elementor-element elementor-element-f18b3f3 elementor-section-stretched elementor-section-boxed elementor-section-height-default elementor-section-height-default\" data-id=\"f18b3f3\" data-element_type=\"section\" data-settings=\"{&quot;background_background&quot;:&quot;classic&quot;,&quot;stretch_section&quot;:&quot;section-stretched&quot;}\">\n\t\t\t\t\t\t<div class=\"elementor-container elementor-column-gap-default\">\n\t\t\t\t\t<div class=\"elementor-column elementor-col-100 elementor-top-column elementor-element elementor-element-9c2f792\" data-id=\"9c2f792\" data-element_type=\"column\" data-settings=\"{&quot;background_background&quot;:&quot;classic&quot;}\">\n\t\t\t<div class=\"elementor-widget-wrap elementor-element-populated\">\n\t\t\t\t\t\t<div class=\"elementor-element elementor-element-2b306d7 elementor-invisible elementor-widget elementor-widget-heading\" data-id=\"2b306d7\" data-element_type=\"widget\" data-settings=\"{&quot;_animation&quot;:&quot;fadeInDown&quot;}\" data-widget_type=\"heading.default\">\n\t\t\t\t<div class=\"elementor-widget-container\">\n\t\t\t\t\t<h2 class=\"elementor-heading-title elementor-size-default\">N\u00daCLEO 937<\/h2>\t\t\t\t<\/div>\n\t\t\t\t<\/div>\n\t\t\t\t<div class=\"elementor-element elementor-element-be81921 elementor-invisible elementor-widget elementor-widget-heading\" data-id=\"be81921\" data-element_type=\"widget\" data-settings=\"{&quot;_animation&quot;:&quot;fadeIn&quot;,&quot;_animation_delay&quot;:200}\" data-widget_type=\"heading.default\">\n\t\t\t\t<div class=\"elementor-widget-container\">\n\t\t\t\t\t<span class=\"elementor-heading-title elementor-size-default\">COMUNA San Antonio de\nPrado 80<\/span>\t\t\t\t<\/div>\n\t\t\t\t<\/div>\n\t\t\t\t<div class=\"elementor-element elementor-element-48ca4bb elementor-invisible elementor-widget elementor-widget-text-editor\" data-id=\"48ca4bb\" data-element_type=\"widget\" data-settings=\"{&quot;_animation&quot;:&quot;fadeIn&quot;,&quot;_animation_delay&quot;:400}\" data-widget_type=\"text-editor.default\">\n\t\t\t\t<div class=\"elementor-widget-container\">\n\t\t\t\t\t\t\t\t\t<p><strong>NOMBRE COMPLETO:\u00a0<\/strong>CLAUDIA MARCELA ESTRADA<\/p><p><strong>SEDE DEL N\u00daCLEO:\u00a0<\/strong>Casa de la Cultura<\/p><p><strong>CORREO N\u00daCLEO:\u00a0<\/strong>nesanantoniodeprado@medellin.g ov.co<\/p><p><strong>CORREO ALTERNO <\/strong><\/p><p><strong>DIRECCI\u00d3N: <\/strong>San Antonio de Prado<\/p>\t\t\t\t\t\t\t\t<\/div>\n\t\t\t\t<\/div>\n\t\t\t\t\t<\/div>\n\t\t<\/div>\n\t\t\t\t\t<\/div>\n\t\t<\/section>\n\t\t\t\t<\/div>\n\t\t","protected":false},"excerpt":{"rendered":"<p>SINDIMED N\u00facleos educativos DIRECTORIO DE N\u00daCLEOS EDUCATIVOS SECRETAR\u00cdA DE EDUCACI\u00d3N DE MEDELL\u00cdN N\u00daCLEO 914 COMUNA 1 Granizal NOMBRE COMPLETO:\u00a0 EYDER CORT\u00c9S LOPERA SEDE DEL N\u00daCLEO: IE Mar\u00eda de los \u00c1ngeles [&hellip;]<\/p>\n","protected":false},"author":1,"featured_media":0,"parent":0,"menu_order":0,"comment_status":"closed","ping_status":"closed","template":"","meta":{"site-sidebar-layout":"default","site-content-layout":"","ast-site-content-layout":"default","site-content-style":"default","site-sidebar-style":"default","ast-global-header-display":"","ast-banner-title-visibility":"","ast-main-header-display":"","ast-hfb-above-header-display":"","ast-hfb-below-header-display":"","ast-hfb-mobile-header-display":"","site-post-title":"","ast-breadcrumbs-content":"","ast-featured-img":"","footer-sml-layout":"","theme-transparent-header-meta":"","adv-header-id-meta":"","stick-header-meta":"","header-above-stick-meta":"","header-main-stick-meta":"","header-below-stick-meta":"","astra-migrate-meta-layouts":"default","ast-page-background-enabled":"default","ast-page-background-meta":{"desktop":{"background-color":"var(--ast-global-color-4)","background-image":"","background-repeat":"repeat","background-position":"center center","background-size":"auto","background-attachment":"scroll","background-type":"","background-media":"","overlay-type":"","overlay-color":"","overlay-opacity":"","overlay-gradient":""},"tablet":{"background-color":"","background-image":"","background-repeat":"repeat","background-position":"center center","background-size":"auto","background-attachment":"scroll","background-type":"","background-media":"","overlay-type":"","overlay-color":"","overlay-opacity":"","overlay-gradient":""},"mobile":{"background-color":"","background-image":"","background-repeat":"repeat","background-position":"center center","background-size":"auto","background-attachment":"scroll","background-type":"","background-media":"","overlay-type":"","overlay-color":"","overlay-opacity":"","overlay-gradient":""}},"ast-content-background-meta":{"desktop":{"background-color":"var(--ast-global-color-5)","background-image":"","background-repeat":"repeat","background-position":"center center","background-size":"auto","background-attachment":"scroll","background-type":"","background-media":"","overlay-type":"","overlay-color":"","overlay-opacity":"","overlay-gradient":""},"tablet":{"background-color":"var(--ast-global-color-5)","background-image":"","background-repeat":"repeat","background-position":"center center","background-size":"auto","background-attachment":"scroll","background-type":"","background-media":"","overlay-type":"","overlay-color":"","overlay-opacity":"","overlay-gradient":""},"mobile":{"background-color":"var(--ast-global-color-5)","background-image":"","background-repeat":"repeat","background-position":"center center","background-size":"auto","background-attachment":"scroll","background-type":"","background-media":"","overlay-type":"","overlay-color":"","overlay-opacity":"","overlay-gradient":""}},"_joinchat":[],"footnotes":""},"class_list":["post-104","page","type-page","status-publish","hentry"],"yoast_head":"<!-- This site is optimized with the Yoast SEO plugin v27.0 - https:\/\/yoast.com\/product\/yoast-seo-wordpress\/ -->\n<title>N\u00facleos educativos -<\/title>\n<meta name=\"robots\" content=\"index, follow, max-snippet:-1, max-image-preview:large, max-video-preview:-1\" \/>\n<link rel=\"canonical\" href=\"https:\/\/sindidmed.org\/?page_id=104\" \/>\n<meta property=\"og:locale\" content=\"es_ES\" \/>\n<meta property=\"og:type\" content=\"article\" \/>\n<meta property=\"og:title\" content=\"N\u00facleos educativos -\" \/>\n<meta property=\"og:description\" content=\"SINDIMED N\u00facleos educativos DIRECTORIO DE N\u00daCLEOS EDUCATIVOS SECRETAR\u00cdA DE EDUCACI\u00d3N DE MEDELL\u00cdN N\u00daCLEO 914 COMUNA 1 Granizal NOMBRE COMPLETO:\u00a0 EYDER CORT\u00c9S LOPERA SEDE DEL N\u00daCLEO: IE Mar\u00eda de los \u00c1ngeles [&hellip;]\" \/>\n<meta property=\"og:url\" content=\"https:\/\/sindidmed.org\/?page_id=104\" \/>\n<meta property=\"article:modified_time\" content=\"2024-02-02T23:32:16+00:00\" \/>\n<meta property=\"og:image\" content=\"http:\/\/147.189.169.123\/sindidmed\/wp-content\/uploads\/2024\/02\/015-quote.png\" \/>\n<meta name=\"twitter:card\" content=\"summary_large_image\" \/>\n<meta name=\"twitter:label1\" content=\"Tiempo de lectura\" \/>\n\t<meta name=\"twitter:data1\" content=\"4 minutos\" \/>\n<script type=\"application\/ld+json\" class=\"yoast-schema-graph\">{\"@context\":\"https:\/\/schema.org\",\"@graph\":[{\"@type\":\"WebPage\",\"@id\":\"https:\/\/sindidmed.org\/?page_id=104\",\"url\":\"https:\/\/sindidmed.org\/?page_id=104\",\"name\":\"N\u00facleos educativos -\",\"isPartOf\":{\"@id\":\"https:\/\/sindidmed.org\/#website\"},\"primaryImageOfPage\":{\"@id\":\"https:\/\/sindidmed.org\/?page_id=104#primaryimage\"},\"image\":{\"@id\":\"https:\/\/sindidmed.org\/?page_id=104#primaryimage\"},\"thumbnailUrl\":\"http:\/\/147.189.169.123\/sindidmed\/wp-content\/uploads\/2024\/02\/015-quote.png\",\"datePublished\":\"2024-01-29T21:16:32+00:00\",\"dateModified\":\"2024-02-02T23:32:16+00:00\",\"breadcrumb\":{\"@id\":\"https:\/\/sindidmed.org\/?page_id=104#breadcrumb\"},\"inLanguage\":\"es-CO\",\"potentialAction\":[{\"@type\":\"ReadAction\",\"target\":[\"https:\/\/sindidmed.org\/?page_id=104\"]}]},{\"@type\":\"ImageObject\",\"inLanguage\":\"es-CO\",\"@id\":\"https:\/\/sindidmed.org\/?page_id=104#primaryimage\",\"url\":\"http:\/\/147.189.169.123\/sindidmed\/wp-content\/uploads\/2024\/02\/015-quote.png\",\"contentUrl\":\"http:\/\/147.189.169.123\/sindidmed\/wp-content\/uploads\/2024\/02\/015-quote.png\"},{\"@type\":\"BreadcrumbList\",\"@id\":\"https:\/\/sindidmed.org\/?page_id=104#breadcrumb\",\"itemListElement\":[{\"@type\":\"ListItem\",\"position\":1,\"name\":\"Inicio\",\"item\":\"https:\/\/sindidmed.org\/\"},{\"@type\":\"ListItem\",\"position\":2,\"name\":\"N\u00facleos educativos\"}]},{\"@type\":\"WebSite\",\"@id\":\"https:\/\/sindidmed.org\/#website\",\"url\":\"https:\/\/sindidmed.org\/\",\"name\":\"\",\"description\":\"Sindicato de Directivos Docentes de Medell\u00edn\",\"potentialAction\":[{\"@type\":\"SearchAction\",\"target\":{\"@type\":\"EntryPoint\",\"urlTemplate\":\"https:\/\/sindidmed.org\/?s={search_term_string}\"},\"query-input\":{\"@type\":\"PropertyValueSpecification\",\"valueRequired\":true,\"valueName\":\"search_term_string\"}}],\"inLanguage\":\"es-CO\"}]}<\/script>\n<!-- \/ Yoast SEO plugin. -->","yoast_head_json":{"title":"N\u00facleos educativos -","robots":{"index":"index","follow":"follow","max-snippet":"max-snippet:-1","max-image-preview":"max-image-preview:large","max-video-preview":"max-video-preview:-1"},"canonical":"https:\/\/sindidmed.org\/?page_id=104","og_locale":"es_ES","og_type":"article","og_title":"N\u00facleos educativos -","og_description":"SINDIMED N\u00facleos educativos DIRECTORIO DE N\u00daCLEOS EDUCATIVOS SECRETAR\u00cdA DE EDUCACI\u00d3N DE MEDELL\u00cdN N\u00daCLEO 914 COMUNA 1 Granizal NOMBRE COMPLETO:\u00a0 EYDER CORT\u00c9S LOPERA SEDE DEL N\u00daCLEO: IE Mar\u00eda de los \u00c1ngeles [&hellip;]","og_url":"https:\/\/sindidmed.org\/?page_id=104","article_modified_time":"2024-02-02T23:32:16+00:00","og_image":[{"url":"http:\/\/147.189.169.123\/sindidmed\/wp-content\/uploads\/2024\/02\/015-quote.png","type":"","width":"","height":""}],"twitter_card":"summary_large_image","twitter_misc":{"Tiempo de lectura":"4 minutos"},"schema":{"@context":"https:\/\/schema.org","@graph":[{"@type":"WebPage","@id":"https:\/\/sindidmed.org\/?page_id=104","url":"https:\/\/sindidmed.org\/?page_id=104","name":"N\u00facleos educativos -","isPartOf":{"@id":"https:\/\/sindidmed.org\/#website"},"primaryImageOfPage":{"@id":"https:\/\/sindidmed.org\/?page_id=104#primaryimage"},"image":{"@id":"https:\/\/sindidmed.org\/?page_id=104#primaryimage"},"thumbnailUrl":"http:\/\/147.189.169.123\/sindidmed\/wp-content\/uploads\/2024\/02\/015-quote.png","datePublished":"2024-01-29T21:16:32+00:00","dateModified":"2024-02-02T23:32:16+00:00","breadcrumb":{"@id":"https:\/\/sindidmed.org\/?page_id=104#breadcrumb"},"inLanguage":"es-CO","potentialAction":[{"@type":"ReadAction","target":["https:\/\/sindidmed.org\/?page_id=104"]}]},{"@type":"ImageObject","inLanguage":"es-CO","@id":"https:\/\/sindidmed.org\/?page_id=104#primaryimage","url":"http:\/\/147.189.169.123\/sindidmed\/wp-content\/uploads\/2024\/02\/015-quote.png","contentUrl":"http:\/\/147.189.169.123\/sindidmed\/wp-content\/uploads\/2024\/02\/015-quote.png"},{"@type":"BreadcrumbList","@id":"https:\/\/sindidmed.org\/?page_id=104#breadcrumb","itemListElement":[{"@type":"ListItem","position":1,"name":"Inicio","item":"https:\/\/sindidmed.org\/"},{"@type":"ListItem","position":2,"name":"N\u00facleos educativos"}]},{"@type":"WebSite","@id":"https:\/\/sindidmed.org\/#website","url":"https:\/\/sindidmed.org\/","name":"","description":"Sindicato de Directivos Docentes de Medell\u00edn","potentialAction":[{"@type":"SearchAction","target":{"@type":"EntryPoint","urlTemplate":"https:\/\/sindidmed.org\/?s={search_term_string}"},"query-input":{"@type":"PropertyValueSpecification","valueRequired":true,"valueName":"search_term_string"}}],"inLanguage":"es-CO"}]}},"jetpack_sharing_enabled":true,"_links":{"self":[{"href":"https:\/\/sindidmed.org\/index.php?rest_route=\/wp\/v2\/pages\/104","targetHints":{"allow":["GET"]}}],"collection":[{"href":"https:\/\/sindidmed.org\/index.php?rest_route=\/wp\/v2\/pages"}],"about":[{"href":"https:\/\/sindidmed.org\/index.php?rest_route=\/wp\/v2\/types\/page"}],"author":[{"embeddable":true,"href":"https:\/\/sindidmed.org\/index.php?rest_route=\/wp\/v2\/users\/1"}],"replies":[{"embeddable":true,"href":"https:\/\/sindidmed.org\/index.php?rest_route=%2Fwp%2Fv2%2Fcomments&post=104"}],"version-history":[{"count":73,"href":"https:\/\/sindidmed.org\/index.php?rest_route=\/wp\/v2\/pages\/104\/revisions"}],"predecessor-version":[{"id":627,"href":"https:\/\/sindidmed.org\/index.php?rest_route=\/wp\/v2\/pages\/104\/revisions\/627"}],"wp:attachment":[{"href":"https:\/\/sindidmed.org\/index.php?rest_route=%2Fwp%2Fv2%2Fmedia&parent=104"}],"curies":[{"name":"wp","href":"https:\/\/api.w.org\/{rel}","templated":true}]}}